{"id":1777,"date":"2022-02-02T07:31:45","date_gmt":"2022-02-02T07:31:45","guid":{"rendered":"https:\/\/assumptafontseca.cat\/receptes\/caldo-casero\/"},"modified":"2022-03-09T15:59:58","modified_gmt":"2022-03-09T15:59:58","slug":"caldo-casero","status":"publish","type":"product","link":"https:\/\/assumptafontseca.cat\/es\/recetas\/cremas-y-sopas\/caldo-casero\/","title":{"rendered":"Caldo"},"content":{"rendered":"<p>Los mejores ingredientes de nuestros mercados de referencia puestos todos juntos y cocinados a fuego muy lento para conseguir un caldo casero que nos traslada a la infancia. Ese olor que invad\u00eda la cocina de casa, es la misma que tenemos en el obrador cuando preparamos nuestro caldo casero.<\/p>\n","protected":false},"excerpt":{"rendered":"<p>750 ml<\/p>\n","protected":false},"featured_media":1258,"comment_status":"open","ping_status":"closed","template":"","meta":{"_monsterinsights_skip_tracking":false,"_monsterinsights_sitenote_active":false,"_monsterinsights_sitenote_note":"","_monsterinsights_sitenote_category":0},"product_brand":[],"product_cat":[75],"product_tag":[164,182,195,218,167,219],"class_list":{"0":"post-1777","1":"product","2":"type-product","3":"status-publish","4":"has-post-thumbnail","6":"product_cat-cremas-y-sopas","7":"product_tag-caldo-es","8":"product_tag-fideua-es","9":"product_tag-paella-es","10":"product_tag-sofritos","11":"product_tag-sopa","12":"product_tag-sopas","14":"first","15":"instock","16":"shipping-taxable","17":"product-type-simple"},"yoast_head":"<!-- This site is optimized with the Yoast SEO plugin v27.2 - https:\/\/yoast.com\/product\/yoast-seo-wordpress\/ -->\n<title>Caldo - Assumpta Fontseca<\/title>\n<meta name=\"description\" content=\"Ingredientes de nuestros mercados, cocinados a fuego muy lento para conseguir el caldo casero que todos recordamos de cuando \u00e9ramos peque\u00f1os.\" \/>\n<meta name=\"robots\" content=\"index, follow, max-snippet:-1, max-image-preview:large, max-video-preview:-1\" \/>\n<link rel=\"canonical\" href=\"https:\/\/assumptafontseca.cat\/es\/recetas\/cremas-y-sopas\/caldo-casero\/\" \/>\n<meta property=\"og:locale\" content=\"es_ES\" \/>\n<meta property=\"og:type\" content=\"article\" \/>\n<meta property=\"og:title\" content=\"Caldo - Assumpta Fontseca\" \/>\n<meta property=\"og:description\" content=\"Ingredientes de nuestros mercados, cocinados a fuego muy lento para conseguir el caldo casero que todos recordamos de cuando \u00e9ramos peque\u00f1os.\" \/>\n<meta property=\"og:url\" content=\"https:\/\/assumptafontseca.cat\/es\/recetas\/cremas-y-sopas\/caldo-casero\/\" \/>\n<meta property=\"og:site_name\" content=\"Assumpta Fontseca\" \/>\n<meta property=\"article:modified_time\" content=\"2022-03-09T15:59:58+00:00\" \/>\n<meta property=\"og:image\" content=\"https:\/\/assumptafontseca.cat\/wp-content\/uploads\/2022\/02\/brou-casola.jpg\" \/>\n\t<meta property=\"og:image:width\" content=\"1000\" \/>\n\t<meta property=\"og:image:height\" content=\"1000\" \/>\n\t<meta property=\"og:image:type\" content=\"image\/jpeg\" \/>\n<meta name=\"twitter:card\" content=\"summary_large_image\" \/>\n<script type=\"application\/ld+json\" class=\"yoast-schema-graph\">{\"@context\":\"https:\/\/schema.org\",\"@graph\":[{\"@type\":\"WebPage\",\"@id\":\"https:\/\/assumptafontseca.cat\/es\/recetas\/cremas-y-sopas\/caldo-casero\/\",\"url\":\"https:\/\/assumptafontseca.cat\/es\/recetas\/cremas-y-sopas\/caldo-casero\/\",\"name\":\"Caldo - Assumpta Fontseca\",\"isPartOf\":{\"@id\":\"https:\/\/assumptafontseca.cat\/#website\"},\"primaryImageOfPage\":{\"@id\":\"https:\/\/assumptafontseca.cat\/es\/recetas\/cremas-y-sopas\/caldo-casero\/#primaryimage\"},\"image\":{\"@id\":\"https:\/\/assumptafontseca.cat\/es\/recetas\/cremas-y-sopas\/caldo-casero\/#primaryimage\"},\"thumbnailUrl\":\"https:\/\/assumptafontseca.cat\/wp-content\/uploads\/2022\/02\/brou-casola.jpg\",\"datePublished\":\"2022-02-02T07:31:45+00:00\",\"dateModified\":\"2022-03-09T15:59:58+00:00\",\"description\":\"Ingredientes de nuestros mercados, cocinados a fuego muy lento para conseguir el caldo casero que todos recordamos de cuando \u00e9ramos peque\u00f1os.\",\"breadcrumb\":{\"@id\":\"https:\/\/assumptafontseca.cat\/es\/recetas\/cremas-y-sopas\/caldo-casero\/#breadcrumb\"},\"inLanguage\":\"es\",\"potentialAction\":[{\"@type\":\"ReadAction\",\"target\":[\"https:\/\/assumptafontseca.cat\/es\/recetas\/cremas-y-sopas\/caldo-casero\/\"]}]},{\"@type\":\"ImageObject\",\"inLanguage\":\"es\",\"@id\":\"https:\/\/assumptafontseca.cat\/es\/recetas\/cremas-y-sopas\/caldo-casero\/#primaryimage\",\"url\":\"https:\/\/assumptafontseca.cat\/wp-content\/uploads\/2022\/02\/brou-casola.jpg\",\"contentUrl\":\"https:\/\/assumptafontseca.cat\/wp-content\/uploads\/2022\/02\/brou-casola.jpg\",\"width\":1000,\"height\":1000,\"caption\":\"Botella de caldo casero\"},{\"@type\":\"BreadcrumbList\",\"@id\":\"https:\/\/assumptafontseca.cat\/es\/recetas\/cremas-y-sopas\/caldo-casero\/#breadcrumb\",\"itemListElement\":[{\"@type\":\"ListItem\",\"position\":1,\"name\":\"Portada\",\"item\":\"https:\/\/assumptafontseca.cat\/\"},{\"@type\":\"ListItem\",\"position\":2,\"name\":\"Productos\",\"item\":\"https:\/\/assumptafontseca.cat\/tienda\/\"},{\"@type\":\"ListItem\",\"position\":3,\"name\":\"Cremas y sopas\",\"item\":\"https:\/\/assumptafontseca.cat\/es\/platos-cocinados\/cremas-y-sopas\/\"},{\"@type\":\"ListItem\",\"position\":4,\"name\":\"Caldo\"}]},{\"@type\":\"WebSite\",\"@id\":\"https:\/\/assumptafontseca.cat\/#website\",\"url\":\"https:\/\/assumptafontseca.cat\/\",\"name\":\"Assumpta Fontseca\",\"description\":\"La passi\u00f3 que compartim per la \u201cfeina ben feta\u201d, \u00e9s la millor garantia que cadascun dels nostres plats ser\u00e0 \u00fanic i especial.\",\"potentialAction\":[{\"@type\":\"SearchAction\",\"target\":{\"@type\":\"EntryPoint\",\"urlTemplate\":\"https:\/\/assumptafontseca.cat\/?s={search_term_string}\"},\"query-input\":{\"@type\":\"PropertyValueSpecification\",\"valueRequired\":true,\"valueName\":\"search_term_string\"}}],\"inLanguage\":\"es\"}]}<\/script>\n<!-- \/ Yoast SEO plugin. -->","yoast_head_json":{"title":"Caldo - Assumpta Fontseca","description":"Ingredientes de nuestros mercados, cocinados a fuego muy lento para conseguir el caldo casero que todos recordamos de cuando \u00e9ramos peque\u00f1os.","robots":{"index":"index","follow":"follow","max-snippet":"max-snippet:-1","max-image-preview":"max-image-preview:large","max-video-preview":"max-video-preview:-1"},"canonical":"https:\/\/assumptafontseca.cat\/es\/recetas\/cremas-y-sopas\/caldo-casero\/","og_locale":"es_ES","og_type":"article","og_title":"Caldo - Assumpta Fontseca","og_description":"Ingredientes de nuestros mercados, cocinados a fuego muy lento para conseguir el caldo casero que todos recordamos de cuando \u00e9ramos peque\u00f1os.","og_url":"https:\/\/assumptafontseca.cat\/es\/recetas\/cremas-y-sopas\/caldo-casero\/","og_site_name":"Assumpta Fontseca","article_modified_time":"2022-03-09T15:59:58+00:00","og_image":[{"width":1000,"height":1000,"url":"https:\/\/assumptafontseca.cat\/wp-content\/uploads\/2022\/02\/brou-casola.jpg","type":"image\/jpeg"}],"twitter_card":"summary_large_image","schema":{"@context":"https:\/\/schema.org","@graph":[{"@type":"WebPage","@id":"https:\/\/assumptafontseca.cat\/es\/recetas\/cremas-y-sopas\/caldo-casero\/","url":"https:\/\/assumptafontseca.cat\/es\/recetas\/cremas-y-sopas\/caldo-casero\/","name":"Caldo - Assumpta Fontseca","isPartOf":{"@id":"https:\/\/assumptafontseca.cat\/#website"},"primaryImageOfPage":{"@id":"https:\/\/assumptafontseca.cat\/es\/recetas\/cremas-y-sopas\/caldo-casero\/#primaryimage"},"image":{"@id":"https:\/\/assumptafontseca.cat\/es\/recetas\/cremas-y-sopas\/caldo-casero\/#primaryimage"},"thumbnailUrl":"https:\/\/assumptafontseca.cat\/wp-content\/uploads\/2022\/02\/brou-casola.jpg","datePublished":"2022-02-02T07:31:45+00:00","dateModified":"2022-03-09T15:59:58+00:00","description":"Ingredientes de nuestros mercados, cocinados a fuego muy lento para conseguir el caldo casero que todos recordamos de cuando \u00e9ramos peque\u00f1os.","breadcrumb":{"@id":"https:\/\/assumptafontseca.cat\/es\/recetas\/cremas-y-sopas\/caldo-casero\/#breadcrumb"},"inLanguage":"es","potentialAction":[{"@type":"ReadAction","target":["https:\/\/assumptafontseca.cat\/es\/recetas\/cremas-y-sopas\/caldo-casero\/"]}]},{"@type":"ImageObject","inLanguage":"es","@id":"https:\/\/assumptafontseca.cat\/es\/recetas\/cremas-y-sopas\/caldo-casero\/#primaryimage","url":"https:\/\/assumptafontseca.cat\/wp-content\/uploads\/2022\/02\/brou-casola.jpg","contentUrl":"https:\/\/assumptafontseca.cat\/wp-content\/uploads\/2022\/02\/brou-casola.jpg","width":1000,"height":1000,"caption":"Botella de caldo casero"},{"@type":"BreadcrumbList","@id":"https:\/\/assumptafontseca.cat\/es\/recetas\/cremas-y-sopas\/caldo-casero\/#breadcrumb","itemListElement":[{"@type":"ListItem","position":1,"name":"Portada","item":"https:\/\/assumptafontseca.cat\/"},{"@type":"ListItem","position":2,"name":"Productos","item":"https:\/\/assumptafontseca.cat\/tienda\/"},{"@type":"ListItem","position":3,"name":"Cremas y sopas","item":"https:\/\/assumptafontseca.cat\/es\/platos-cocinados\/cremas-y-sopas\/"},{"@type":"ListItem","position":4,"name":"Caldo"}]},{"@type":"WebSite","@id":"https:\/\/assumptafontseca.cat\/#website","url":"https:\/\/assumptafontseca.cat\/","name":"Assumpta Fontseca","description":"La passi\u00f3 que compartim per la \u201cfeina ben feta\u201d, \u00e9s la millor garantia que cadascun dels nostres plats ser\u00e0 \u00fanic i especial.","potentialAction":[{"@type":"SearchAction","target":{"@type":"EntryPoint","urlTemplate":"https:\/\/assumptafontseca.cat\/?s={search_term_string}"},"query-input":{"@type":"PropertyValueSpecification","valueRequired":true,"valueName":"search_term_string"}}],"inLanguage":"es"}]}},"_links":{"self":[{"href":"https:\/\/assumptafontseca.cat\/es\/wp-json\/wp\/v2\/product\/1777","targetHints":{"allow":["GET"]}}],"collection":[{"href":"https:\/\/assumptafontseca.cat\/es\/wp-json\/wp\/v2\/product"}],"about":[{"href":"https:\/\/assumptafontseca.cat\/es\/wp-json\/wp\/v2\/types\/product"}],"replies":[{"embeddable":true,"href":"https:\/\/assumptafontseca.cat\/es\/wp-json\/wp\/v2\/comments?post=1777"}],"version-history":[{"count":1,"href":"https:\/\/assumptafontseca.cat\/es\/wp-json\/wp\/v2\/product\/1777\/revisions"}],"predecessor-version":[{"id":1839,"href":"https:\/\/assumptafontseca.cat\/es\/wp-json\/wp\/v2\/product\/1777\/revisions\/1839"}],"wp:featuredmedia":[{"embeddable":true,"href":"https:\/\/assumptafontseca.cat\/es\/wp-json\/wp\/v2\/media\/1258"}],"wp:attachment":[{"href":"https:\/\/assumptafontseca.cat\/es\/wp-json\/wp\/v2\/media?parent=1777"}],"wp:term":[{"taxonomy":"product_brand","embeddable":true,"href":"https:\/\/assumptafontseca.cat\/es\/wp-json\/wp\/v2\/product_brand?post=1777"},{"taxonomy":"product_cat","embeddable":true,"href":"https:\/\/assumptafontseca.cat\/es\/wp-json\/wp\/v2\/product_cat?post=1777"},{"taxonomy":"product_tag","embeddable":true,"href":"https:\/\/assumptafontseca.cat\/es\/wp-json\/wp\/v2\/product_tag?post=1777"}],"curies":[{"name":"wp","href":"https:\/\/api.w.org\/{rel}","templated":true}]}}