{"id":1771,"date":"2022-02-02T08:45:07","date_gmt":"2022-02-02T08:45:07","guid":{"rendered":"https:\/\/assumptafontseca.cat\/receptes\/guisantes-con-jamon-iberico\/"},"modified":"2022-03-09T16:29:35","modified_gmt":"2022-03-09T16:29:35","slug":"guisantes-con-jamon-iberico","status":"publish","type":"product","link":"https:\/\/assumptafontseca.cat\/es\/recetas\/del-huerto\/guisantes-con-jamon-iberico\/","title":{"rendered":"Guisantes con jam\u00f3n ib\u00e9rico"},"content":{"rendered":"<p>Una receta tan deliciosa como saludable. Nuestros guisantes con jam\u00f3n ib\u00e9rico est\u00e1n pensados para que disfrut\u00e9is de los mejores ingredientes de casa, sin perder ni un poco del mejor sabor.<\/p>\n","protected":false},"excerpt":{"rendered":"<p>1 raci\u00f3n \/ 300 gr.<\/p>\n","protected":false},"featured_media":1507,"comment_status":"open","ping_status":"closed","template":"","meta":{"_monsterinsights_skip_tracking":false,"_monsterinsights_sitenote_active":false,"_monsterinsights_sitenote_note":"","_monsterinsights_sitenote_category":0},"product_brand":[],"product_cat":[77],"product_tag":[179,204,199,213,215,217,221],"class_list":{"0":"post-1771","1":"product","2":"type-product","3":"status-publish","4":"has-post-thumbnail","6":"product_cat-del-huerto","7":"product_tag-equilibrado","8":"product_tag-guisantes","9":"product_tag-jamon","10":"product_tag-recetas-de-verduras-es","11":"product_tag-recetas-saludables","12":"product_tag-sano","13":"product_tag-verduras","15":"first","16":"instock","17":"shipping-taxable","18":"product-type-simple"},"yoast_head":"<!-- This site is optimized with the Yoast SEO plugin v27.2 - https:\/\/yoast.com\/product\/yoast-seo-wordpress\/ -->\n<title>Guisantes con jam\u00f3n ib\u00e9rico - Assumpta Fontseca<\/title>\n<meta name=\"description\" content=\"Una receta deliciosa y saludable: los guisantes con jam\u00f3n ib\u00e9rico est\u00e1n elaborados con ingredientes de nuestros huertos locales.\" \/>\n<meta name=\"robots\" content=\"index, follow, max-snippet:-1, max-image-preview:large, max-video-preview:-1\" \/>\n<link rel=\"canonical\" href=\"https:\/\/assumptafontseca.cat\/es\/recetas\/del-huerto\/guisantes-con-jamon-iberico\/\" \/>\n<meta property=\"og:locale\" content=\"es_ES\" \/>\n<meta property=\"og:type\" content=\"article\" \/>\n<meta property=\"og:title\" content=\"Guisantes con jam\u00f3n ib\u00e9rico - Assumpta Fontseca\" \/>\n<meta property=\"og:description\" content=\"Una receta deliciosa y saludable: los guisantes con jam\u00f3n ib\u00e9rico est\u00e1n elaborados con ingredientes de nuestros huertos locales.\" \/>\n<meta property=\"og:url\" content=\"https:\/\/assumptafontseca.cat\/es\/recetas\/del-huerto\/guisantes-con-jamon-iberico\/\" \/>\n<meta property=\"og:site_name\" content=\"Assumpta Fontseca\" \/>\n<meta property=\"article:modified_time\" content=\"2022-03-09T16:29:35+00:00\" \/>\n<meta property=\"og:image\" content=\"https:\/\/assumptafontseca.cat\/wp-content\/uploads\/2022\/02\/pesols-amb-pernil-iberic.jpg\" \/>\n\t<meta property=\"og:image:width\" content=\"1000\" \/>\n\t<meta property=\"og:image:height\" content=\"1000\" \/>\n\t<meta property=\"og:image:type\" content=\"image\/jpeg\" \/>\n<meta name=\"twitter:card\" content=\"summary_large_image\" \/>\n<script type=\"application\/ld+json\" class=\"yoast-schema-graph\">{\"@context\":\"https:\/\/schema.org\",\"@graph\":[{\"@type\":\"WebPage\",\"@id\":\"https:\/\/assumptafontseca.cat\/es\/recetas\/del-huerto\/guisantes-con-jamon-iberico\/\",\"url\":\"https:\/\/assumptafontseca.cat\/es\/recetas\/del-huerto\/guisantes-con-jamon-iberico\/\",\"name\":\"Guisantes con jam\u00f3n ib\u00e9rico - Assumpta Fontseca\",\"isPartOf\":{\"@id\":\"https:\/\/assumptafontseca.cat\/#website\"},\"primaryImageOfPage\":{\"@id\":\"https:\/\/assumptafontseca.cat\/es\/recetas\/del-huerto\/guisantes-con-jamon-iberico\/#primaryimage\"},\"image\":{\"@id\":\"https:\/\/assumptafontseca.cat\/es\/recetas\/del-huerto\/guisantes-con-jamon-iberico\/#primaryimage\"},\"thumbnailUrl\":\"https:\/\/assumptafontseca.cat\/wp-content\/uploads\/2022\/02\/pesols-amb-pernil-iberic.jpg\",\"datePublished\":\"2022-02-02T08:45:07+00:00\",\"dateModified\":\"2022-03-09T16:29:35+00:00\",\"description\":\"Una receta deliciosa y saludable: los guisantes con jam\u00f3n ib\u00e9rico est\u00e1n elaborados con ingredientes de nuestros huertos locales.\",\"breadcrumb\":{\"@id\":\"https:\/\/assumptafontseca.cat\/es\/recetas\/del-huerto\/guisantes-con-jamon-iberico\/#breadcrumb\"},\"inLanguage\":\"es\",\"potentialAction\":[{\"@type\":\"ReadAction\",\"target\":[\"https:\/\/assumptafontseca.cat\/es\/recetas\/del-huerto\/guisantes-con-jamon-iberico\/\"]}]},{\"@type\":\"ImageObject\",\"inLanguage\":\"es\",\"@id\":\"https:\/\/assumptafontseca.cat\/es\/recetas\/del-huerto\/guisantes-con-jamon-iberico\/#primaryimage\",\"url\":\"https:\/\/assumptafontseca.cat\/wp-content\/uploads\/2022\/02\/pesols-amb-pernil-iberic.jpg\",\"contentUrl\":\"https:\/\/assumptafontseca.cat\/wp-content\/uploads\/2022\/02\/pesols-amb-pernil-iberic.jpg\",\"width\":1000,\"height\":1000,\"caption\":\"Bandeja de guisantes con jam\u00f3n ib\u00e9rico\"},{\"@type\":\"BreadcrumbList\",\"@id\":\"https:\/\/assumptafontseca.cat\/es\/recetas\/del-huerto\/guisantes-con-jamon-iberico\/#breadcrumb\",\"itemListElement\":[{\"@type\":\"ListItem\",\"position\":1,\"name\":\"Portada\",\"item\":\"https:\/\/assumptafontseca.cat\/\"},{\"@type\":\"ListItem\",\"position\":2,\"name\":\"Productos\",\"item\":\"https:\/\/assumptafontseca.cat\/tienda\/\"},{\"@type\":\"ListItem\",\"position\":3,\"name\":\"Del huerto\",\"item\":\"https:\/\/assumptafontseca.cat\/es\/platos-cocinados\/del-huerto\/\"},{\"@type\":\"ListItem\",\"position\":4,\"name\":\"Guisantes con jam\u00f3n ib\u00e9rico\"}]},{\"@type\":\"WebSite\",\"@id\":\"https:\/\/assumptafontseca.cat\/#website\",\"url\":\"https:\/\/assumptafontseca.cat\/\",\"name\":\"Assumpta Fontseca\",\"description\":\"La passi\u00f3 que compartim per la \u201cfeina ben feta\u201d, \u00e9s la millor garantia que cadascun dels nostres plats ser\u00e0 \u00fanic i especial.\",\"potentialAction\":[{\"@type\":\"SearchAction\",\"target\":{\"@type\":\"EntryPoint\",\"urlTemplate\":\"https:\/\/assumptafontseca.cat\/?s={search_term_string}\"},\"query-input\":{\"@type\":\"PropertyValueSpecification\",\"valueRequired\":true,\"valueName\":\"search_term_string\"}}],\"inLanguage\":\"es\"}]}<\/script>\n<!-- \/ Yoast SEO plugin. -->","yoast_head_json":{"title":"Guisantes con jam\u00f3n ib\u00e9rico - Assumpta Fontseca","description":"Una receta deliciosa y saludable: los guisantes con jam\u00f3n ib\u00e9rico est\u00e1n elaborados con ingredientes de nuestros huertos locales.","robots":{"index":"index","follow":"follow","max-snippet":"max-snippet:-1","max-image-preview":"max-image-preview:large","max-video-preview":"max-video-preview:-1"},"canonical":"https:\/\/assumptafontseca.cat\/es\/recetas\/del-huerto\/guisantes-con-jamon-iberico\/","og_locale":"es_ES","og_type":"article","og_title":"Guisantes con jam\u00f3n ib\u00e9rico - Assumpta Fontseca","og_description":"Una receta deliciosa y saludable: los guisantes con jam\u00f3n ib\u00e9rico est\u00e1n elaborados con ingredientes de nuestros huertos locales.","og_url":"https:\/\/assumptafontseca.cat\/es\/recetas\/del-huerto\/guisantes-con-jamon-iberico\/","og_site_name":"Assumpta Fontseca","article_modified_time":"2022-03-09T16:29:35+00:00","og_image":[{"width":1000,"height":1000,"url":"https:\/\/assumptafontseca.cat\/wp-content\/uploads\/2022\/02\/pesols-amb-pernil-iberic.jpg","type":"image\/jpeg"}],"twitter_card":"summary_large_image","schema":{"@context":"https:\/\/schema.org","@graph":[{"@type":"WebPage","@id":"https:\/\/assumptafontseca.cat\/es\/recetas\/del-huerto\/guisantes-con-jamon-iberico\/","url":"https:\/\/assumptafontseca.cat\/es\/recetas\/del-huerto\/guisantes-con-jamon-iberico\/","name":"Guisantes con jam\u00f3n ib\u00e9rico - Assumpta Fontseca","isPartOf":{"@id":"https:\/\/assumptafontseca.cat\/#website"},"primaryImageOfPage":{"@id":"https:\/\/assumptafontseca.cat\/es\/recetas\/del-huerto\/guisantes-con-jamon-iberico\/#primaryimage"},"image":{"@id":"https:\/\/assumptafontseca.cat\/es\/recetas\/del-huerto\/guisantes-con-jamon-iberico\/#primaryimage"},"thumbnailUrl":"https:\/\/assumptafontseca.cat\/wp-content\/uploads\/2022\/02\/pesols-amb-pernil-iberic.jpg","datePublished":"2022-02-02T08:45:07+00:00","dateModified":"2022-03-09T16:29:35+00:00","description":"Una receta deliciosa y saludable: los guisantes con jam\u00f3n ib\u00e9rico est\u00e1n elaborados con ingredientes de nuestros huertos locales.","breadcrumb":{"@id":"https:\/\/assumptafontseca.cat\/es\/recetas\/del-huerto\/guisantes-con-jamon-iberico\/#breadcrumb"},"inLanguage":"es","potentialAction":[{"@type":"ReadAction","target":["https:\/\/assumptafontseca.cat\/es\/recetas\/del-huerto\/guisantes-con-jamon-iberico\/"]}]},{"@type":"ImageObject","inLanguage":"es","@id":"https:\/\/assumptafontseca.cat\/es\/recetas\/del-huerto\/guisantes-con-jamon-iberico\/#primaryimage","url":"https:\/\/assumptafontseca.cat\/wp-content\/uploads\/2022\/02\/pesols-amb-pernil-iberic.jpg","contentUrl":"https:\/\/assumptafontseca.cat\/wp-content\/uploads\/2022\/02\/pesols-amb-pernil-iberic.jpg","width":1000,"height":1000,"caption":"Bandeja de guisantes con jam\u00f3n ib\u00e9rico"},{"@type":"BreadcrumbList","@id":"https:\/\/assumptafontseca.cat\/es\/recetas\/del-huerto\/guisantes-con-jamon-iberico\/#breadcrumb","itemListElement":[{"@type":"ListItem","position":1,"name":"Portada","item":"https:\/\/assumptafontseca.cat\/"},{"@type":"ListItem","position":2,"name":"Productos","item":"https:\/\/assumptafontseca.cat\/tienda\/"},{"@type":"ListItem","position":3,"name":"Del huerto","item":"https:\/\/assumptafontseca.cat\/es\/platos-cocinados\/del-huerto\/"},{"@type":"ListItem","position":4,"name":"Guisantes con jam\u00f3n ib\u00e9rico"}]},{"@type":"WebSite","@id":"https:\/\/assumptafontseca.cat\/#website","url":"https:\/\/assumptafontseca.cat\/","name":"Assumpta Fontseca","description":"La passi\u00f3 que compartim per la \u201cfeina ben feta\u201d, \u00e9s la millor garantia que cadascun dels nostres plats ser\u00e0 \u00fanic i especial.","potentialAction":[{"@type":"SearchAction","target":{"@type":"EntryPoint","urlTemplate":"https:\/\/assumptafontseca.cat\/?s={search_term_string}"},"query-input":{"@type":"PropertyValueSpecification","valueRequired":true,"valueName":"search_term_string"}}],"inLanguage":"es"}]}},"_links":{"self":[{"href":"https:\/\/assumptafontseca.cat\/es\/wp-json\/wp\/v2\/product\/1771","targetHints":{"allow":["GET"]}}],"collection":[{"href":"https:\/\/assumptafontseca.cat\/es\/wp-json\/wp\/v2\/product"}],"about":[{"href":"https:\/\/assumptafontseca.cat\/es\/wp-json\/wp\/v2\/types\/product"}],"replies":[{"embeddable":true,"href":"https:\/\/assumptafontseca.cat\/es\/wp-json\/wp\/v2\/comments?post=1771"}],"version-history":[{"count":1,"href":"https:\/\/assumptafontseca.cat\/es\/wp-json\/wp\/v2\/product\/1771\/revisions"}],"predecessor-version":[{"id":1860,"href":"https:\/\/assumptafontseca.cat\/es\/wp-json\/wp\/v2\/product\/1771\/revisions\/1860"}],"wp:featuredmedia":[{"embeddable":true,"href":"https:\/\/assumptafontseca.cat\/es\/wp-json\/wp\/v2\/media\/1507"}],"wp:attachment":[{"href":"https:\/\/assumptafontseca.cat\/es\/wp-json\/wp\/v2\/media?parent=1771"}],"wp:term":[{"taxonomy":"product_brand","embeddable":true,"href":"https:\/\/assumptafontseca.cat\/es\/wp-json\/wp\/v2\/product_brand?post=1771"},{"taxonomy":"product_cat","embeddable":true,"href":"https:\/\/assumptafontseca.cat\/es\/wp-json\/wp\/v2\/product_cat?post=1771"},{"taxonomy":"product_tag","embeddable":true,"href":"https:\/\/assumptafontseca.cat\/es\/wp-json\/wp\/v2\/product_tag?post=1771"}],"curies":[{"name":"wp","href":"https:\/\/api.w.org\/{rel}","templated":true}]}}