{"id":1056,"date":"2022-01-31T20:50:29","date_gmt":"2022-01-31T20:50:29","guid":{"rendered":"https:\/\/assumptafontseca.cat\/home-2\/"},"modified":"2025-05-08T08:37:36","modified_gmt":"2025-05-08T08:37:36","slug":"portada","status":"publish","type":"page","link":"https:\/\/assumptafontseca.cat\/es\/","title":{"rendered":"Assumpta Fontseca"},"content":{"rendered":"\t\t<div data-elementor-type=\"wp-page\" data-elementor-id=\"1056\" class=\"elementor elementor-1056 elementor-896\" data-elementor-post-type=\"page\">\n\t\t\t\t\t\t<section class=\"elementor-section elementor-top-section elementor-element elementor-element-17e5fa2 elementor-section-height-min-height elementor-section-full_width elementor-section-items-stretch elementor-section-stretched elementor-hidden-phone elementor-section-height-default\" data-id=\"17e5fa2\" data-element_type=\"section\" data-settings=\"{&quot;background_background&quot;:&quot;slideshow&quot;,&quot;background_slideshow_transition_duration&quot;:1000,&quot;stretch_section&quot;:&quot;section-stretched&quot;,&quot;background_slideshow_gallery&quot;:[{&quot;id&quot;:116,&quot;url&quot;:&quot;https:\\\/\\\/assumptafontseca.cat\\\/wp-content\\\/uploads\\\/2021\\\/07\\\/Assumpta-Fontseca-07.jpg&quot;},{&quot;id&quot;:113,&quot;url&quot;:&quot;https:\\\/\\\/assumptafontseca.cat\\\/wp-content\\\/uploads\\\/2021\\\/07\\\/Assumpta-Fontseca-04.jpg&quot;},{&quot;id&quot;:112,&quot;url&quot;:&quot;https:\\\/\\\/assumptafontseca.cat\\\/wp-content\\\/uploads\\\/2021\\\/07\\\/Assumpta-Fontseca-03.jpg&quot;},{&quot;id&quot;:114,&quot;url&quot;:&quot;https:\\\/\\\/assumptafontseca.cat\\\/wp-content\\\/uploads\\\/2021\\\/07\\\/Assumpta-Fontseca-05.jpg&quot;},{&quot;id&quot;:115,&quot;url&quot;:&quot;https:\\\/\\\/assumptafontseca.cat\\\/wp-content\\\/uploads\\\/2021\\\/07\\\/Assumpta-Fontseca-06.jpg&quot;}],&quot;background_slideshow_loop&quot;:&quot;yes&quot;,&quot;background_slideshow_slide_duration&quot;:5000,&quot;background_slideshow_slide_transition&quot;:&quot;fade&quot;}\">\n\t\t\t\t\t\t<div class=\"elementor-container elementor-column-gap-no\">\n\t\t\t\t\t<div class=\"elementor-column elementor-col-100 elementor-top-column elementor-element elementor-element-92fa488\" data-id=\"92fa488\" data-element_type=\"column\">\n\t\t\t<div class=\"elementor-widget-wrap\">\n\t\t\t\t\t\t\t<\/div>\n\t\t<\/div>\n\t\t\t\t\t<\/div>\n\t\t<\/section>\n\t\t\t\t<section class=\"elementor-section elementor-top-section elementor-element elementor-element-5825382 elementor-section-height-min-height elementor-section-full_width elementor-section-items-stretch elementor-section-stretched elementor-hidden-desktop elementor-hidden-tablet elementor-section-height-default\" data-id=\"5825382\" data-element_type=\"section\" data-settings=\"{&quot;background_background&quot;:&quot;slideshow&quot;,&quot;background_slideshow_transition_duration&quot;:1000,&quot;stretch_section&quot;:&quot;section-stretched&quot;,&quot;background_slideshow_gallery&quot;:[{&quot;id&quot;:193,&quot;url&quot;:&quot;https:\\\/\\\/assumptafontseca.cat\\\/wp-content\\\/uploads\\\/2021\\\/07\\\/PORT_MOBIL.jpg&quot;},{&quot;id&quot;:191,&quot;url&quot;:&quot;https:\\\/\\\/assumptafontseca.cat\\\/wp-content\\\/uploads\\\/2021\\\/07\\\/GRANJA_MOBIL.jpg&quot;},{&quot;id&quot;:189,&quot;url&quot;:&quot;https:\\\/\\\/assumptafontseca.cat\\\/wp-content\\\/uploads\\\/2021\\\/07\\\/BARCO_MOBIL.jpg&quot;},{&quot;id&quot;:188,&quot;url&quot;:&quot;https:\\\/\\\/assumptafontseca.cat\\\/wp-content\\\/uploads\\\/2021\\\/07\\\/AGRICULTOR_MOBIL.jpg&quot;},{&quot;id&quot;:192,&quot;url&quot;:&quot;https:\\\/\\\/assumptafontseca.cat\\\/wp-content\\\/uploads\\\/2021\\\/07\\\/JAPO_MOBIL.jpg&quot;},{&quot;id&quot;:190,&quot;url&quot;:&quot;https:\\\/\\\/assumptafontseca.cat\\\/wp-content\\\/uploads\\\/2021\\\/07\\\/CARNICERO_MOBIL.jpg&quot;}],&quot;background_slideshow_loop&quot;:&quot;yes&quot;,&quot;background_slideshow_slide_duration&quot;:5000,&quot;background_slideshow_slide_transition&quot;:&quot;fade&quot;}\">\n\t\t\t\t\t\t<div class=\"elementor-container elementor-column-gap-no\">\n\t\t\t\t\t<div class=\"elementor-column elementor-col-100 elementor-top-column elementor-element elementor-element-5e6cdb4\" data-id=\"5e6cdb4\" data-element_type=\"column\">\n\t\t\t<div class=\"elementor-widget-wrap\">\n\t\t\t\t\t\t\t<\/div>\n\t\t<\/div>\n\t\t\t\t\t<\/div>\n\t\t<\/section>\n\t\t\t\t<section class=\"elementor-section elementor-top-section elementor-element elementor-element-c18fa39 elementor-section-boxed elementor-section-height-default elementor-section-height-default\" data-id=\"c18fa39\" data-element_type=\"section\">\n\t\t\t\t\t\t<div class=\"elementor-container elementor-column-gap-default\">\n\t\t\t\t\t<div class=\"elementor-column elementor-col-100 elementor-top-column elementor-element elementor-element-02c9393\" data-id=\"02c9393\" data-element_type=\"column\">\n\t\t\t<div class=\"elementor-widget-wrap elementor-element-populated\">\n\t\t\t\t\t\t<div class=\"elementor-element elementor-element-b7cad4e elementor-widget elementor-widget-text-editor\" data-id=\"b7cad4e\" data-element_type=\"widget\" data-widget_type=\"text-editor.default\">\n\t\t\t\t<div class=\"elementor-widget-container\">\n\t\t\t\t\t\t\t\t\t<p>\u201cAssumpta Fontseca\u201d es un homenaje a los fundadores de \u201cLa Fonda Mas\u201d de Barber\u00e1 del Vall\u00e9s y de \u201c<span style=\"text-decoration: underline;\"><a href=\"https:\/\/corella.cat\" target=\"_blank\" rel=\"noopener\">Carns Corella<\/a><\/span>\u201d.<\/p>\n<p>La gran amistad y el esp\u00edritu emprendedor que un\u00eda a Josep Mas y Vicente Corella, hizo que en 1983 los canelones y las croquetas que Josep y su esposa Assumpta cocinaban para los comensales de \u201cLa Fonda Mas\u201d, empezaran a venderse en la carnicer\u00eda de Vicente y Miguela en el Mercado municipal de Barber\u00e1 del Vall\u00e9s.<\/p>\n<p>Naci\u00f3 as\u00ed una estrecha colaboraci\u00f3n que ha perdurado con el paso del tiempo y 40 a\u00f1os despu\u00e9s, las familias Mas Fontseca y Corella Polo hemos decidido sumar nuestras fuerzas y embarcarnos en este ilusionante proyecto que es \u201cAssumpta Fontseca\u201d.<\/p>\n<p>Unimos as\u00ed muchos a\u00f1os de experiencia en la cocina tradicional, artesana y de m\u00e1xima calidad con la mejor carne de nuestra casa. Usamos solo verduras de aqu\u00ed y el mejor pescado de la lonja.<\/p>\n<p>La pasi\u00f3n que compartimos por el \u201ctrabajo bien hecho\u201d, es la mejor garant\u00eda que cada uno de nuestros platos ser\u00e1 \u00fanico y especial.<\/p>\n\t\t\t\t\t\t\t\t<\/div>\n\t\t\t\t<\/div>\n\t\t\t\t\t<\/div>\n\t\t<\/div>\n\t\t\t\t\t<\/div>\n\t\t<\/section>\n\t\t\t\t<section class=\"elementor-section elementor-top-section elementor-element elementor-element-319e9e8 elementor-section-full_width elementor-hidden-desktop elementor-section-height-default elementor-section-height-default\" data-id=\"319e9e8\" data-element_type=\"section\" data-settings=\"{&quot;background_background&quot;:&quot;classic&quot;,&quot;sticky&quot;:&quot;top&quot;,&quot;sticky_offset&quot;:48,&quot;sticky_offset_mobile&quot;:70,&quot;sticky_on&quot;:[&quot;desktop&quot;,&quot;tablet&quot;,&quot;mobile&quot;],&quot;sticky_effects_offset&quot;:0,&quot;sticky_anchor_link_offset&quot;:0}\">\n\t\t\t\t\t\t\t<div class=\"elementor-background-overlay\"><\/div>\n\t\t\t\t\t\t\t<div class=\"elementor-container elementor-column-gap-no\">\n\t\t\t\t\t<div class=\"elementor-column elementor-col-100 elementor-top-column elementor-element elementor-element-b38b03e\" data-id=\"b38b03e\" data-element_type=\"column\">\n\t\t\t<div class=\"elementor-widget-wrap elementor-element-populated\">\n\t\t\t\t\t\t\t<\/div>\n\t\t<\/div>\n\t\t\t\t\t<\/div>\n\t\t<\/section>\n\t\t\t\t<section class=\"elementor-section elementor-top-section elementor-element elementor-element-0e55196 elementor-section-full_width elementor-hidden-tablet elementor-hidden-mobile elementor-section-height-default elementor-section-height-default\" data-id=\"0e55196\" data-element_type=\"section\" data-settings=\"{&quot;background_background&quot;:&quot;classic&quot;,&quot;sticky&quot;:&quot;top&quot;,&quot;sticky_offset&quot;:80,&quot;sticky_offset_mobile&quot;:70,&quot;sticky_on&quot;:[&quot;desktop&quot;,&quot;tablet&quot;,&quot;mobile&quot;],&quot;sticky_effects_offset&quot;:0,&quot;sticky_anchor_link_offset&quot;:0}\">\n\t\t\t\t\t\t\t<div class=\"elementor-background-overlay\"><\/div>\n\t\t\t\t\t\t\t<div class=\"elementor-container elementor-column-gap-default\">\n\t\t\t\t\t<div class=\"elementor-column elementor-col-100 elementor-top-column elementor-element elementor-element-8cfde1f\" data-id=\"8cfde1f\" data-element_type=\"column\">\n\t\t\t<div class=\"elementor-widget-wrap elementor-element-populated\">\n\t\t\t\t\t\t\t<\/div>\n\t\t<\/div>\n\t\t\t\t\t<\/div>\n\t\t<\/section>\n\t\t\t\t<section class=\"elementor-section elementor-top-section elementor-element elementor-element-a9cb18b elementor-section-full_width elementor-section-height-default elementor-section-height-default\" data-id=\"a9cb18b\" data-element_type=\"section\">\n\t\t\t\t\t\t<div class=\"elementor-container elementor-column-gap-default\">\n\t\t\t\t\t<div class=\"elementor-column elementor-col-100 elementor-top-column elementor-element elementor-element-f10872a\" data-id=\"f10872a\" data-element_type=\"column\">\n\t\t\t<div class=\"elementor-widget-wrap elementor-element-populated\">\n\t\t\t\t\t\t<div class=\"elementor-element elementor-element-5d1ae42 elementor-absolute elementor-widget elementor-widget-menu-anchor\" data-id=\"5d1ae42\" data-element_type=\"widget\" data-settings=\"{&quot;_position&quot;:&quot;absolute&quot;}\" data-widget_type=\"menu-anchor.default\">\n\t\t\t\t<div class=\"elementor-widget-container\">\n\t\t\t\t\t\t\t<div class=\"elementor-menu-anchor\" id=\"menu1\"><\/div>\n\t\t\t\t\t\t<\/div>\n\t\t\t\t<\/div>\n\t\t\t\t<section class=\"elementor-section elementor-inner-section elementor-element elementor-element-c3ec0f3 elementor-section-full_width elementor-section-content-bottom elementor-section-height-default elementor-section-height-default\" data-id=\"c3ec0f3\" data-element_type=\"section\">\n\t\t\t\t\t\t<div class=\"elementor-container elementor-column-gap-no\">\n\t\t\t\t\t<div class=\"elementor-column elementor-col-50 elementor-inner-column elementor-element elementor-element-620a6ca\" data-id=\"620a6ca\" data-element_type=\"column\">\n\t\t\t<div class=\"elementor-widget-wrap elementor-element-populated\">\n\t\t\t\t\t\t<div class=\"elementor-element elementor-element-d33660e elementor-widget elementor-widget-heading\" data-id=\"d33660e\" data-element_type=\"widget\" data-widget_type=\"heading.default\">\n\t\t\t\t<div class=\"elementor-widget-container\">\n\t\t\t\t\t<h1 class=\"elementor-heading-title elementor-size-default\">CANELONES<\/h1>\t\t\t\t<\/div>\n\t\t\t\t<\/div>\n\t\t\t\t\t<\/div>\n\t\t<\/div>\n\t\t\t\t<div class=\"elementor-column elementor-col-50 elementor-inner-column elementor-element elementor-element-ea7278b\" data-id=\"ea7278b\" data-element_type=\"column\">\n\t\t\t<div class=\"elementor-widget-wrap elementor-element-populated\">\n\t\t\t\t\t\t<div class=\"elementor-element elementor-element-436346f elementor-align-right elementor-widget elementor-widget-button\" data-id=\"436346f\" data-element_type=\"widget\" data-widget_type=\"button.default\">\n\t\t\t\t<div class=\"elementor-widget-container\">\n\t\t\t\t\t\t\t\t\t<div class=\"elementor-button-wrapper\">\n\t\t\t\t\t<a class=\"elementor-button elementor-button-link elementor-size-sm\" href=\"https:\/\/assumptafontseca.cat\/es\/platos-cocinados\/canelones\/\">\n\t\t\t\t\t\t<span class=\"elementor-button-content-wrapper\">\n\t\t\t\t\t\t\t\t\t<span class=\"elementor-button-text\">verlos todos<\/span>\n\t\t\t\t\t<\/span>\n\t\t\t\t\t<\/a>\n\t\t\t\t<\/div>\n\t\t\t\t\t\t\t\t<\/div>\n\t\t\t\t<\/div>\n\t\t\t\t\t<\/div>\n\t\t<\/div>\n\t\t\t\t\t<\/div>\n\t\t<\/section>\n\t\t\t\t<div class=\"elementor-element elementor-element-cf13dac elementor-widget-divider--view-line elementor-widget elementor-widget-divider\" data-id=\"cf13dac\" data-element_type=\"widget\" data-widget_type=\"divider.default\">\n\t\t\t\t<div class=\"elementor-widget-container\">\n\t\t\t\t\t\t\t<div class=\"elementor-divider\">\n\t\t\t<span class=\"elementor-divider-separator\">\n\t\t\t\t\t\t<\/span>\n\t\t<\/div>\n\t\t\t\t\t\t<\/div>\n\t\t\t\t<\/div>\n\t\t\t\t<div class=\"elementor-element elementor-element-51ab9fb elementor-widget elementor-widget-jet-woo-products\" data-id=\"51ab9fb\" data-element_type=\"widget\" data-settings=\"{&quot;columns&quot;:&quot;4&quot;,&quot;columns_tablet&quot;:&quot;3&quot;,&quot;columns_mobile&quot;:&quot;1&quot;,&quot;slides_to_scroll_tablet&quot;:&quot;1&quot;,&quot;slides_to_scroll&quot;:&quot;1&quot;,&quot;space_between_slides&quot;:10}\" data-widget_type=\"jet-woo-products.default\">\n\t\t\t\t<div class=\"elementor-widget-container\">\n\t\t\t\t\t<div class=\"elementor-jet-woo-products jet-woo-builder\"><div class=\"jet-woo-carousel horizontal swiper\" data-slider_options=\"{&quot;direction&quot;:&quot;horizontal&quot;,&quot;slidesPerGroup&quot;:1,&quot;simulateTouch&quot;:false,&quot;loop&quot;:true,&quot;freeMode&quot;:false,&quot;centeredSlides&quot;:false,&quot;speed&quot;:500,&quot;paginationEnable&quot;:false,&quot;navigationEnable&quot;:true}\" dir=\"ltr\"> <div class=\"jet-woo-products jet-woo-products--preset-2 swiper-wrapper  jet-equal-cols\" data-mobile-hover=\"1\" >\n<div class=\"jet-woo-products__item jet-woo-builder-product swiper-slide\" data-product-id=\"1685\">\n\t<div class=\"jet-woo-products__inner-box jet-woo-item-overlay-wrap\" data-url=\"https:\/\/assumptafontseca.cat\/es\/recetas\/canelones\/canelones-de-carne\/\" >\n\t\t\n<div class=\"jet-woo-products__thumb-wrap\">\n\t\n<div class=\"jet-woo-product-thumbnail\">\n\t\n\t<a href=\"https:\/\/assumptafontseca.cat\/es\/recetas\/canelones\/canelones-de-carne\/\"><img fetchpriority=\"high\" decoding=\"async\" width=\"1000\" height=\"1000\" src=\"https:\/\/assumptafontseca.cat\/wp-content\/uploads\/2022\/01\/canelons-carn-2-unitats.jpg\" class=\"attachment-full size-full\" alt=\"Bandeja de canelones de carn de 6 unidades\" \/><\/a>\n\t<div class=\"jet-woo-product-img-overlay\"><\/div>\n\n\t\n\t<\/div>\n\t<div class=\"hovered-content\">\n\t\t\t<\/div>\n<\/div>\n\n<h1 class=\"jet-woo-product-title\"><a href=\"https:\/\/assumptafontseca.cat\/es\/recetas\/canelones\/canelones-de-carne\/\">Canelones de carne<\/a><\/h1>\n<div class=\"jet-woo-product-excerpt\">\n\t6 unidades \/ 650 gr.<\/div>\n<div class=\"jet-woo-products-cqw-wrapper\">\n\t<\/div>\t<\/div>\n\n\t\t\t<a href=\"https:\/\/assumptafontseca.cat\/es\/recetas\/canelones\/canelones-de-carne\/\" class=\"jet-woo-item-overlay-link\"  ><\/a>\n\t<\/div>\n<div class=\"jet-woo-products__item jet-woo-builder-product swiper-slide\" data-product-id=\"1681\">\n\t<div class=\"jet-woo-products__inner-box jet-woo-item-overlay-wrap\" data-url=\"https:\/\/assumptafontseca.cat\/es\/recetas\/canelones\/canelones-de-espinacas-y-bacalao\/\" >\n\t\t\n<div class=\"jet-woo-products__thumb-wrap\">\n\t\n<div class=\"jet-woo-product-thumbnail\">\n\t\n\t<a href=\"https:\/\/assumptafontseca.cat\/es\/recetas\/canelones\/canelones-de-espinacas-y-bacalao\/\"><img decoding=\"async\" width=\"1000\" height=\"1000\" src=\"https:\/\/assumptafontseca.cat\/wp-content\/uploads\/2022\/02\/canelons-despinacs-i-bacalla.jpg\" class=\"attachment-full size-full\" alt=\"Bandeja de canelones de espinacas y bacalao de dos raciones\" \/><\/a>\n\t<div class=\"jet-woo-product-img-overlay\"><\/div>\n\n\t\n\t<\/div>\n\t<div class=\"hovered-content\">\n\t\t\t<\/div>\n<\/div>\n\n<h1 class=\"jet-woo-product-title\"><a href=\"https:\/\/assumptafontseca.cat\/es\/recetas\/canelones\/canelones-de-espinacas-y-bacalao\/\">Canelones de espinacas y bacalao<\/a><\/h1>\n<div class=\"jet-woo-product-excerpt\">\n\t6 unidades \/ 650 gr.<\/div>\n<div class=\"jet-woo-products-cqw-wrapper\">\n\t<\/div>\t<\/div>\n\n\t\t\t<a href=\"https:\/\/assumptafontseca.cat\/es\/recetas\/canelones\/canelones-de-espinacas-y-bacalao\/\" class=\"jet-woo-item-overlay-link\"  ><\/a>\n\t<\/div>\n<div class=\"jet-woo-products__item jet-woo-builder-product swiper-slide\" data-product-id=\"1684\">\n\t<div class=\"jet-woo-products__inner-box jet-woo-item-overlay-wrap\" data-url=\"https:\/\/assumptafontseca.cat\/es\/recetas\/canelones\/canelones-de-verduras-y-setas\/\" >\n\t\t\n<div class=\"jet-woo-products__thumb-wrap\">\n\t\n<div class=\"jet-woo-product-thumbnail\">\n\t\n\t<a href=\"https:\/\/assumptafontseca.cat\/es\/recetas\/canelones\/canelones-de-verduras-y-setas\/\"><img decoding=\"async\" width=\"1000\" height=\"1000\" src=\"https:\/\/assumptafontseca.cat\/wp-content\/uploads\/2022\/02\/canelons-de-verdures-i-bolets.jpg\" class=\"attachment-full size-full\" alt=\"Bandeja de canelones de verduras y setas\" \/><\/a>\n\t<div class=\"jet-woo-product-img-overlay\"><\/div>\n\n\t\n\t<\/div>\n\t<div class=\"hovered-content\">\n\t\t\t<\/div>\n<\/div>\n\n<h1 class=\"jet-woo-product-title\"><a href=\"https:\/\/assumptafontseca.cat\/es\/recetas\/canelones\/canelones-de-verduras-y-setas\/\">Canelones de verduras y setas<\/a><\/h1>\n<div class=\"jet-woo-product-excerpt\">\n\t6 unidades \/ 650 gr.<\/div>\n<div class=\"jet-woo-products-cqw-wrapper\">\n\t<\/div>\t<\/div>\n\n\t\t\t<a href=\"https:\/\/assumptafontseca.cat\/es\/recetas\/canelones\/canelones-de-verduras-y-setas\/\" class=\"jet-woo-item-overlay-link\"  ><\/a>\n\t<\/div>\n<div class=\"jet-woo-products__item jet-woo-builder-product swiper-slide\" data-product-id=\"1682\">\n\t<div class=\"jet-woo-products__inner-box jet-woo-item-overlay-wrap\" data-url=\"https:\/\/assumptafontseca.cat\/es\/recetas\/canelones\/canelones-de-foie-y-trufa\/\" >\n\t\t\n<div class=\"jet-woo-products__thumb-wrap\">\n\t\n<div class=\"jet-woo-product-thumbnail\">\n\t\n\t<a href=\"https:\/\/assumptafontseca.cat\/es\/recetas\/canelones\/canelones-de-foie-y-trufa\/\"><img loading=\"lazy\" decoding=\"async\" width=\"1000\" height=\"1000\" src=\"https:\/\/assumptafontseca.cat\/wp-content\/uploads\/2022\/02\/canelons-de-tofona-i-foie.jpg\" class=\"attachment-full size-full\" alt=\"Bandeja de canelones de foie y trufa de 6 unidades\" \/><\/a>\n\t<div class=\"jet-woo-product-img-overlay\"><\/div>\n\n\t\n\t<\/div>\n\t<div class=\"hovered-content\">\n\t\t\t<\/div>\n<\/div>\n\n<h1 class=\"jet-woo-product-title\"><a href=\"https:\/\/assumptafontseca.cat\/es\/recetas\/canelones\/canelones-de-foie-y-trufa\/\">Canelones de foie y trufa<\/a><\/h1>\n<div class=\"jet-woo-product-excerpt\">\n\t6 unidades \/ 650 gr.<\/div>\n<div class=\"jet-woo-products-cqw-wrapper\">\n\t<\/div>\t<\/div>\n\n\t\t\t<a href=\"https:\/\/assumptafontseca.cat\/es\/recetas\/canelones\/canelones-de-foie-y-trufa\/\" class=\"jet-woo-item-overlay-link\"  ><\/a>\n\t<\/div>\n<div class=\"jet-woo-products__item jet-woo-builder-product swiper-slide\" data-product-id=\"1678\">\n\t<div class=\"jet-woo-products__inner-box jet-woo-item-overlay-wrap\" data-url=\"https:\/\/assumptafontseca.cat\/es\/recetas\/canelones\/canelones-de-carne-racion\/\" >\n\t\t\n<div class=\"jet-woo-products__thumb-wrap\">\n\t\n<div class=\"jet-woo-product-thumbnail\">\n\t\n\t<a href=\"https:\/\/assumptafontseca.cat\/es\/recetas\/canelones\/canelones-de-carne-racion\/\"><img loading=\"lazy\" decoding=\"async\" width=\"1000\" height=\"1000\" src=\"https:\/\/assumptafontseca.cat\/wp-content\/uploads\/2022\/02\/canelons-carn-1-unitat.jpg\" class=\"attachment-full size-full\" alt=\"Bandeja de canelones de carne de formato raci\u00f3n de tres unidades\" \/><\/a>\n\t<div class=\"jet-woo-product-img-overlay\"><\/div>\n\n\t\n\t<\/div>\n\t<div class=\"hovered-content\">\n\t\t\t<\/div>\n<\/div>\n\n<h1 class=\"jet-woo-product-title\"><a href=\"https:\/\/assumptafontseca.cat\/es\/recetas\/canelones\/canelones-de-carne-racion\/\">Canelones de carne<\/a><\/h1>\n<div class=\"jet-woo-product-excerpt\">\n\t3 unidades \/ 350 gr.<\/div>\n<div class=\"jet-woo-products-cqw-wrapper\">\n\t<\/div>\t<\/div>\n\n\t\t\t<a href=\"https:\/\/assumptafontseca.cat\/es\/recetas\/canelones\/canelones-de-carne-racion\/\" class=\"jet-woo-item-overlay-link\"  ><\/a>\n\t<\/div>\n<div class=\"jet-woo-products__item jet-woo-builder-product swiper-slide\" data-product-id=\"1683\">\n\t<div class=\"jet-woo-products__inner-box jet-woo-item-overlay-wrap\" data-url=\"https:\/\/assumptafontseca.cat\/es\/recetas\/canelones\/canelones-de-marisco\/\" >\n\t\t\n<div class=\"jet-woo-products__thumb-wrap\">\n\t\n<div class=\"jet-woo-product-thumbnail\">\n\t\n\t<a href=\"https:\/\/assumptafontseca.cat\/es\/recetas\/canelones\/canelones-de-marisco\/\"><img loading=\"lazy\" decoding=\"async\" width=\"1000\" height=\"1000\" src=\"https:\/\/assumptafontseca.cat\/wp-content\/uploads\/2022\/02\/canelons-de-marisc.jpg\" class=\"attachment-full size-full\" alt=\"Bandeja de canelones de marisco de 6 unidades\" \/><\/a>\n\t<div class=\"jet-woo-product-img-overlay\"><\/div>\n\n\t\n\t<\/div>\n\t<div class=\"hovered-content\">\n\t\t\t<\/div>\n<\/div>\n\n<h1 class=\"jet-woo-product-title\"><a href=\"https:\/\/assumptafontseca.cat\/es\/recetas\/canelones\/canelones-de-marisco\/\">Canelones de marisco<\/a><\/h1>\n<div class=\"jet-woo-product-excerpt\">\n\t6 unidades \/ 650 gr.<\/div>\n<div class=\"jet-woo-products-cqw-wrapper\">\n\t<\/div>\t<\/div>\n\n\t\t\t<a href=\"https:\/\/assumptafontseca.cat\/es\/recetas\/canelones\/canelones-de-marisco\/\" class=\"jet-woo-item-overlay-link\"  ><\/a>\n\t<\/div><\/div>\n  <div class=\"prev-arrow jet-swiper-button-prev jet-arrow\"><i aria-hidden=\"true\" class=\"fas fa-chevron-left\"><\/i><\/div> <div class=\"next-arrow jet-swiper-button-next jet-arrow\"><i aria-hidden=\"true\" class=\"fas fa-chevron-right\"><\/i><\/div> <\/div><\/div>\t\t\t\t<\/div>\n\t\t\t\t<\/div>\n\t\t\t\t\t<\/div>\n\t\t<\/div>\n\t\t\t\t\t<\/div>\n\t\t<\/section>\n\t\t\t\t<section class=\"elementor-section elementor-top-section elementor-element elementor-element-ea3ba52 elementor-section-full_width elementor-section-height-default elementor-section-height-default\" data-id=\"ea3ba52\" data-element_type=\"section\">\n\t\t\t\t\t\t<div class=\"elementor-container elementor-column-gap-default\">\n\t\t\t\t\t<div class=\"elementor-column elementor-col-100 elementor-top-column elementor-element elementor-element-7e6ce37\" data-id=\"7e6ce37\" data-element_type=\"column\">\n\t\t\t<div class=\"elementor-widget-wrap elementor-element-populated\">\n\t\t\t\t\t\t<div class=\"elementor-element elementor-element-a6c2386 elementor-absolute elementor-widget elementor-widget-menu-anchor\" data-id=\"a6c2386\" data-element_type=\"widget\" data-settings=\"{&quot;_position&quot;:&quot;absolute&quot;}\" data-widget_type=\"menu-anchor.default\">\n\t\t\t\t<div class=\"elementor-widget-container\">\n\t\t\t\t\t\t\t<div class=\"elementor-menu-anchor\" id=\"menu2\"><\/div>\n\t\t\t\t\t\t<\/div>\n\t\t\t\t<\/div>\n\t\t\t\t<section class=\"elementor-section elementor-inner-section elementor-element elementor-element-adb172e elementor-section-full_width elementor-section-content-bottom elementor-section-height-default elementor-section-height-default\" data-id=\"adb172e\" data-element_type=\"section\">\n\t\t\t\t\t\t<div class=\"elementor-container elementor-column-gap-no\">\n\t\t\t\t\t<div class=\"elementor-column elementor-col-50 elementor-inner-column elementor-element elementor-element-d6ea57b\" data-id=\"d6ea57b\" data-element_type=\"column\">\n\t\t\t<div class=\"elementor-widget-wrap elementor-element-populated\">\n\t\t\t\t\t\t<div class=\"elementor-element elementor-element-d66bfd5 elementor-widget elementor-widget-heading\" data-id=\"d66bfd5\" data-element_type=\"widget\" data-widget_type=\"heading.default\">\n\t\t\t\t<div class=\"elementor-widget-container\">\n\t\t\t\t\t<h1 class=\"elementor-heading-title elementor-size-default\">DE PAY\u00c9S<\/h1>\t\t\t\t<\/div>\n\t\t\t\t<\/div>\n\t\t\t\t\t<\/div>\n\t\t<\/div>\n\t\t\t\t<div class=\"elementor-column elementor-col-50 elementor-inner-column elementor-element elementor-element-867b0d0\" data-id=\"867b0d0\" data-element_type=\"column\">\n\t\t\t<div class=\"elementor-widget-wrap elementor-element-populated\">\n\t\t\t\t\t\t<div class=\"elementor-element elementor-element-766a644 elementor-align-right elementor-widget elementor-widget-button\" data-id=\"766a644\" data-element_type=\"widget\" data-widget_type=\"button.default\">\n\t\t\t\t<div class=\"elementor-widget-container\">\n\t\t\t\t\t\t\t\t\t<div class=\"elementor-button-wrapper\">\n\t\t\t\t\t<a class=\"elementor-button elementor-button-link elementor-size-sm\" href=\"https:\/\/assumptafontseca.cat\/es\/plats-cuinats\/de-pages\/\">\n\t\t\t\t\t\t<span class=\"elementor-button-content-wrapper\">\n\t\t\t\t\t\t\t\t\t<span class=\"elementor-button-text\">verlos todos<\/span>\n\t\t\t\t\t<\/span>\n\t\t\t\t\t<\/a>\n\t\t\t\t<\/div>\n\t\t\t\t\t\t\t\t<\/div>\n\t\t\t\t<\/div>\n\t\t\t\t\t<\/div>\n\t\t<\/div>\n\t\t\t\t\t<\/div>\n\t\t<\/section>\n\t\t\t\t<div class=\"elementor-element elementor-element-492ad37 elementor-widget-divider--view-line elementor-widget elementor-widget-divider\" data-id=\"492ad37\" data-element_type=\"widget\" data-widget_type=\"divider.default\">\n\t\t\t\t<div class=\"elementor-widget-container\">\n\t\t\t\t\t\t\t<div class=\"elementor-divider\">\n\t\t\t<span class=\"elementor-divider-separator\">\n\t\t\t\t\t\t<\/span>\n\t\t<\/div>\n\t\t\t\t\t\t<\/div>\n\t\t\t\t<\/div>\n\t\t\t\t<div class=\"elementor-element elementor-element-d7d36fd elementor-widget elementor-widget-jet-woo-products\" data-id=\"d7d36fd\" data-element_type=\"widget\" data-settings=\"{&quot;columns&quot;:&quot;4&quot;,&quot;columns_tablet&quot;:&quot;3&quot;,&quot;columns_mobile&quot;:&quot;1&quot;,&quot;slides_to_scroll_tablet&quot;:&quot;1&quot;,&quot;slides_to_scroll&quot;:&quot;1&quot;,&quot;space_between_slides&quot;:10}\" data-widget_type=\"jet-woo-products.default\">\n\t\t\t\t<div class=\"elementor-widget-container\">\n\t\t\t\t\t<div class=\"elementor-jet-woo-products jet-woo-builder\"><div class=\"jet-woo-carousel horizontal swiper\" data-slider_options=\"{&quot;direction&quot;:&quot;horizontal&quot;,&quot;slidesPerGroup&quot;:1,&quot;simulateTouch&quot;:false,&quot;loop&quot;:true,&quot;freeMode&quot;:false,&quot;centeredSlides&quot;:false,&quot;speed&quot;:500,&quot;paginationEnable&quot;:false,&quot;navigationEnable&quot;:true}\" dir=\"ltr\"> <div class=\"jet-woo-products jet-woo-products--preset-2 swiper-wrapper  jet-equal-cols\" data-mobile-hover=\"1\" >\n<div class=\"jet-woo-products__item jet-woo-builder-product swiper-slide\" data-product-id=\"1693\">\n\t<div class=\"jet-woo-products__inner-box jet-woo-item-overlay-wrap\" data-url=\"https:\/\/assumptafontseca.cat\/es\/recetas\/de-payes\/berenjena-rellena-de-carne\/\" >\n\t\t\n<div class=\"jet-woo-products__thumb-wrap\">\n\t\n<div class=\"jet-woo-product-thumbnail\">\n\t\n\t<a href=\"https:\/\/assumptafontseca.cat\/es\/recetas\/de-payes\/berenjena-rellena-de-carne\/\"><img loading=\"lazy\" decoding=\"async\" width=\"1000\" height=\"1000\" src=\"https:\/\/assumptafontseca.cat\/wp-content\/uploads\/2022\/02\/alberginia-farcida-de-carn.jpg\" class=\"attachment-full size-full\" alt=\"Berenjena rellena de carne y bechamel\" \/><\/a>\n\t<div class=\"jet-woo-product-img-overlay\"><\/div>\n\n\t\n\t<\/div>\n\t<div class=\"hovered-content\">\n\t\t\t<\/div>\n<\/div>\n\n<h1 class=\"jet-woo-product-title\"><a href=\"https:\/\/assumptafontseca.cat\/es\/recetas\/de-payes\/berenjena-rellena-de-carne\/\">Berenjena rellena de carne<\/a><\/h1>\n<div class=\"jet-woo-product-excerpt\">\n\t2 unidades \/ 650 gr.<\/div>\n<div class=\"jet-woo-products-cqw-wrapper\">\n\t<\/div>\t<\/div>\n\n\t\t\t<a href=\"https:\/\/assumptafontseca.cat\/es\/recetas\/de-payes\/berenjena-rellena-de-carne\/\" class=\"jet-woo-item-overlay-link\"  ><\/a>\n\t<\/div>\n<div class=\"jet-woo-products__item jet-woo-builder-product swiper-slide\" data-product-id=\"1687\">\n\t<div class=\"jet-woo-products__inner-box jet-woo-item-overlay-wrap\" data-url=\"https:\/\/assumptafontseca.cat\/es\/recetas\/de-payes\/callos\/\" >\n\t\t\n<div class=\"jet-woo-products__thumb-wrap\">\n\t\n<div class=\"jet-woo-product-thumbnail\">\n\t\n\t<a href=\"https:\/\/assumptafontseca.cat\/es\/recetas\/de-payes\/callos\/\"><img loading=\"lazy\" decoding=\"async\" width=\"1000\" height=\"1000\" src=\"https:\/\/assumptafontseca.cat\/wp-content\/uploads\/2022\/02\/callos.jpg\" class=\"attachment-full size-full\" alt=\"Plato de callos con salsa\" \/><\/a>\n\t<div class=\"jet-woo-product-img-overlay\"><\/div>\n\n\t\n\t<\/div>\n\t<div class=\"hovered-content\">\n\t\t\t<\/div>\n<\/div>\n\n<h1 class=\"jet-woo-product-title\"><a href=\"https:\/\/assumptafontseca.cat\/es\/recetas\/de-payes\/callos\/\">Callos<\/a><\/h1>\n<div class=\"jet-woo-product-excerpt\">\n\t1 raci\u00f3n \/ 400 gr.<\/div>\n<div class=\"jet-woo-products-cqw-wrapper\">\n\t<\/div>\t<\/div>\n\n\t\t\t<a href=\"https:\/\/assumptafontseca.cat\/es\/recetas\/de-payes\/callos\/\" class=\"jet-woo-item-overlay-link\"  ><\/a>\n\t<\/div>\n<div class=\"jet-woo-products__item jet-woo-builder-product swiper-slide\" data-product-id=\"1686\">\n\t<div class=\"jet-woo-products__inner-box jet-woo-item-overlay-wrap\" data-url=\"https:\/\/assumptafontseca.cat\/es\/recetas\/de-payes\/lasana-de-carne\/\" >\n\t\t\n<div class=\"jet-woo-products__thumb-wrap\">\n\t\n<div class=\"jet-woo-product-thumbnail\">\n\t\n\t<a href=\"https:\/\/assumptafontseca.cat\/es\/recetas\/de-payes\/lasana-de-carne\/\"><img loading=\"lazy\" decoding=\"async\" width=\"1000\" height=\"1000\" src=\"https:\/\/assumptafontseca.cat\/wp-content\/uploads\/2022\/02\/lasanya.jpg\" class=\"attachment-full size-full\" alt=\"Lasa\u00f1a de carne con bechamel\" \/><\/a>\n\t<div class=\"jet-woo-product-img-overlay\"><\/div>\n\n\t\n\t<\/div>\n\t<div class=\"hovered-content\">\n\t\t\t<\/div>\n<\/div>\n\n<h1 class=\"jet-woo-product-title\"><a href=\"https:\/\/assumptafontseca.cat\/es\/recetas\/de-payes\/lasana-de-carne\/\">Lasa\u00f1a de carne<\/a><\/h1>\n<div class=\"jet-woo-product-excerpt\">\n\t2 unidades \/ 650 gr.<\/div>\n<div class=\"jet-woo-products-cqw-wrapper\">\n\t<\/div>\t<\/div>\n\n\t\t\t<a href=\"https:\/\/assumptafontseca.cat\/es\/recetas\/de-payes\/lasana-de-carne\/\" class=\"jet-woo-item-overlay-link\"  ><\/a>\n\t<\/div>\n<div class=\"jet-woo-products__item jet-woo-builder-product swiper-slide\" data-product-id=\"1690\">\n\t<div class=\"jet-woo-products__inner-box jet-woo-item-overlay-wrap\" data-url=\"https:\/\/assumptafontseca.cat\/es\/recetas\/de-payes\/albondigas-racion\/\" >\n\t\t\n<div class=\"jet-woo-products__thumb-wrap\">\n\t\n<div class=\"jet-woo-product-thumbnail\">\n\t\n\t<a href=\"https:\/\/assumptafontseca.cat\/es\/recetas\/de-payes\/albondigas-racion\/\"><img loading=\"lazy\" decoding=\"async\" width=\"1000\" height=\"1000\" src=\"https:\/\/assumptafontseca.cat\/wp-content\/uploads\/2022\/01\/Mandonguilles-1-racio.jpg\" class=\"attachment-full size-full\" alt=\"Alb\u00f3ndigas en salsa para una persona\" \/><\/a>\n\t<div class=\"jet-woo-product-img-overlay\"><\/div>\n\n\t\n\t<\/div>\n\t<div class=\"hovered-content\">\n\t\t\t<\/div>\n<\/div>\n\n<h1 class=\"jet-woo-product-title\"><a href=\"https:\/\/assumptafontseca.cat\/es\/recetas\/de-payes\/albondigas-racion\/\">Alb\u00f3ndigas en salsa<\/a><\/h1>\n<div class=\"jet-woo-product-excerpt\">\n\t1 raci\u00f3n \/ 300 gr.<\/div>\n<div class=\"jet-woo-products-cqw-wrapper\">\n\t<\/div>\t<\/div>\n\n\t\t\t<a href=\"https:\/\/assumptafontseca.cat\/es\/recetas\/de-payes\/albondigas-racion\/\" class=\"jet-woo-item-overlay-link\"  ><\/a>\n\t<\/div>\n<div class=\"jet-woo-products__item jet-woo-builder-product swiper-slide\" data-product-id=\"1689\">\n\t<div class=\"jet-woo-products__inner-box jet-woo-item-overlay-wrap\" data-url=\"https:\/\/assumptafontseca.cat\/es\/recetas\/de-payes\/pies-de-cerdo-en-salsa\/\" >\n\t\t\n<div class=\"jet-woo-products__thumb-wrap\">\n\t\n<div class=\"jet-woo-product-thumbnail\">\n\t\n\t<a href=\"https:\/\/assumptafontseca.cat\/es\/recetas\/de-payes\/pies-de-cerdo-en-salsa\/\"><img loading=\"lazy\" decoding=\"async\" width=\"1000\" height=\"1000\" src=\"https:\/\/assumptafontseca.cat\/wp-content\/uploads\/2022\/02\/peus-de-porc-amb-suc.jpg\" class=\"attachment-full size-full\" alt=\"Pies de cerdo en salsa\" \/><\/a>\n\t<div class=\"jet-woo-product-img-overlay\"><\/div>\n\n\t\n\t<\/div>\n\t<div class=\"hovered-content\">\n\t\t\t<\/div>\n<\/div>\n\n<h1 class=\"jet-woo-product-title\"><a href=\"https:\/\/assumptafontseca.cat\/es\/recetas\/de-payes\/pies-de-cerdo-en-salsa\/\">Pies de cerdo en salsa<\/a><\/h1>\n<div class=\"jet-woo-product-excerpt\">\n\t2 unidades \/ 675 gr.<\/div>\n<div class=\"jet-woo-products-cqw-wrapper\">\n\t<\/div>\t<\/div>\n\n\t\t\t<a href=\"https:\/\/assumptafontseca.cat\/es\/recetas\/de-payes\/pies-de-cerdo-en-salsa\/\" class=\"jet-woo-item-overlay-link\"  ><\/a>\n\t<\/div>\n<div class=\"jet-woo-products__item jet-woo-builder-product swiper-slide\" data-product-id=\"1688\">\n\t<div class=\"jet-woo-products__inner-box jet-woo-item-overlay-wrap\" data-url=\"https:\/\/assumptafontseca.cat\/es\/recetas\/de-payes\/rustido-de-carne\/\" >\n\t\t\n<div class=\"jet-woo-products__thumb-wrap\">\n\t\n<div class=\"jet-woo-product-thumbnail\">\n\t\n\t<a href=\"https:\/\/assumptafontseca.cat\/es\/recetas\/de-payes\/rustido-de-carne\/\"><img loading=\"lazy\" decoding=\"async\" width=\"1000\" height=\"1000\" src=\"https:\/\/assumptafontseca.cat\/wp-content\/uploads\/2022\/02\/rostit-de-carn.jpg\" class=\"attachment-full size-full\" alt=\"Rustido de carne con verduras en salsa\" \/><\/a>\n\t<div class=\"jet-woo-product-img-overlay\"><\/div>\n\n\t\n\t<\/div>\n\t<div class=\"hovered-content\">\n\t\t\t<\/div>\n<\/div>\n\n<h1 class=\"jet-woo-product-title\"><a href=\"https:\/\/assumptafontseca.cat\/es\/recetas\/de-payes\/rustido-de-carne\/\">Rustido de carne<\/a><\/h1>\n<div class=\"jet-woo-product-excerpt\">\n\t2 raciones \/ 600 gr.<\/div>\n<div class=\"jet-woo-products-cqw-wrapper\">\n\t<\/div>\t<\/div>\n\n\t\t\t<a href=\"https:\/\/assumptafontseca.cat\/es\/recetas\/de-payes\/rustido-de-carne\/\" class=\"jet-woo-item-overlay-link\"  ><\/a>\n\t<\/div>\n<div class=\"jet-woo-products__item jet-woo-builder-product swiper-slide\" data-product-id=\"1691\">\n\t<div class=\"jet-woo-products__inner-box jet-woo-item-overlay-wrap\" data-url=\"https:\/\/assumptafontseca.cat\/es\/recetas\/de-payes\/albondigas-en-salsa\/\" >\n\t\t\n<div class=\"jet-woo-products__thumb-wrap\">\n\t\n<div class=\"jet-woo-product-thumbnail\">\n\t\n\t<a href=\"https:\/\/assumptafontseca.cat\/es\/recetas\/de-payes\/albondigas-en-salsa\/\"><img loading=\"lazy\" decoding=\"async\" width=\"1000\" height=\"1000\" src=\"https:\/\/assumptafontseca.cat\/wp-content\/uploads\/2022\/02\/mandonguilles-2-unitats.jpg\" class=\"attachment-full size-full\" alt=\"Alb\u00f3ndigas en salsa para dos personas\" \/><\/a>\n\t<div class=\"jet-woo-product-img-overlay\"><\/div>\n\n\t\n\t<\/div>\n\t<div class=\"hovered-content\">\n\t\t\t<\/div>\n<\/div>\n\n<h1 class=\"jet-woo-product-title\"><a href=\"https:\/\/assumptafontseca.cat\/es\/recetas\/de-payes\/albondigas-en-salsa\/\">Alb\u00f3ndigas en salsa<\/a><\/h1>\n<div class=\"jet-woo-product-excerpt\">\n\t2 raciones \/ 500 gr.<\/div>\n<div class=\"jet-woo-products-cqw-wrapper\">\n\t<\/div>\t<\/div>\n\n\t\t\t<a href=\"https:\/\/assumptafontseca.cat\/es\/recetas\/de-payes\/albondigas-en-salsa\/\" class=\"jet-woo-item-overlay-link\"  ><\/a>\n\t<\/div><\/div>\n  <div class=\"prev-arrow jet-swiper-button-prev jet-arrow\"><i aria-hidden=\"true\" class=\"fas fa-chevron-left\"><\/i><\/div> <div class=\"next-arrow jet-swiper-button-next jet-arrow\"><i aria-hidden=\"true\" class=\"fas fa-chevron-right\"><\/i><\/div> <\/div><\/div>\t\t\t\t<\/div>\n\t\t\t\t<\/div>\n\t\t\t\t\t<\/div>\n\t\t<\/div>\n\t\t\t\t\t<\/div>\n\t\t<\/section>\n\t\t\t\t<section class=\"elementor-section elementor-top-section elementor-element elementor-element-7fd36cf elementor-section-full_width elementor-section-height-default elementor-section-height-default\" data-id=\"7fd36cf\" data-element_type=\"section\">\n\t\t\t\t\t\t<div class=\"elementor-container elementor-column-gap-default\">\n\t\t\t\t\t<div class=\"elementor-column elementor-col-100 elementor-top-column elementor-element elementor-element-b627cfe\" data-id=\"b627cfe\" data-element_type=\"column\">\n\t\t\t<div class=\"elementor-widget-wrap elementor-element-populated\">\n\t\t\t\t\t\t<div class=\"elementor-element elementor-element-b2efbef elementor-absolute elementor-widget elementor-widget-menu-anchor\" data-id=\"b2efbef\" data-element_type=\"widget\" data-settings=\"{&quot;_position&quot;:&quot;absolute&quot;}\" data-widget_type=\"menu-anchor.default\">\n\t\t\t\t<div class=\"elementor-widget-container\">\n\t\t\t\t\t\t\t<div class=\"elementor-menu-anchor\" id=\"menu3\"><\/div>\n\t\t\t\t\t\t<\/div>\n\t\t\t\t<\/div>\n\t\t\t\t<section class=\"elementor-section elementor-inner-section elementor-element elementor-element-87a47f0 elementor-section-full_width elementor-section-content-bottom elementor-section-height-default elementor-section-height-default\" data-id=\"87a47f0\" data-element_type=\"section\">\n\t\t\t\t\t\t<div class=\"elementor-container elementor-column-gap-no\">\n\t\t\t\t\t<div class=\"elementor-column elementor-col-50 elementor-inner-column elementor-element elementor-element-56dc3cc\" data-id=\"56dc3cc\" data-element_type=\"column\">\n\t\t\t<div class=\"elementor-widget-wrap elementor-element-populated\">\n\t\t\t\t\t\t<div class=\"elementor-element elementor-element-528e1d0 elementor-widget elementor-widget-heading\" data-id=\"528e1d0\" data-element_type=\"widget\" data-widget_type=\"heading.default\">\n\t\t\t\t<div class=\"elementor-widget-container\">\n\t\t\t\t\t<h1 class=\"elementor-heading-title elementor-size-default\">DEL MAR<\/h1>\t\t\t\t<\/div>\n\t\t\t\t<\/div>\n\t\t\t\t\t<\/div>\n\t\t<\/div>\n\t\t\t\t<div class=\"elementor-column elementor-col-50 elementor-inner-column elementor-element elementor-element-6a910ed\" data-id=\"6a910ed\" data-element_type=\"column\">\n\t\t\t<div class=\"elementor-widget-wrap elementor-element-populated\">\n\t\t\t\t\t\t<div class=\"elementor-element elementor-element-7cf6868 elementor-align-right elementor-widget elementor-widget-button\" data-id=\"7cf6868\" data-element_type=\"widget\" data-widget_type=\"button.default\">\n\t\t\t\t<div class=\"elementor-widget-container\">\n\t\t\t\t\t\t\t\t\t<div class=\"elementor-button-wrapper\">\n\t\t\t\t\t<a class=\"elementor-button elementor-button-link elementor-size-sm\" href=\"https:\/\/assumptafontseca.cat\/es\/plats-cuinats\/del-mar\/\">\n\t\t\t\t\t\t<span class=\"elementor-button-content-wrapper\">\n\t\t\t\t\t\t\t\t\t<span class=\"elementor-button-text\">verlos todos<\/span>\n\t\t\t\t\t<\/span>\n\t\t\t\t\t<\/a>\n\t\t\t\t<\/div>\n\t\t\t\t\t\t\t\t<\/div>\n\t\t\t\t<\/div>\n\t\t\t\t\t<\/div>\n\t\t<\/div>\n\t\t\t\t\t<\/div>\n\t\t<\/section>\n\t\t\t\t<div class=\"elementor-element elementor-element-e4b229e elementor-widget-divider--view-line elementor-widget elementor-widget-divider\" data-id=\"e4b229e\" data-element_type=\"widget\" data-widget_type=\"divider.default\">\n\t\t\t\t<div class=\"elementor-widget-container\">\n\t\t\t\t\t\t\t<div class=\"elementor-divider\">\n\t\t\t<span class=\"elementor-divider-separator\">\n\t\t\t\t\t\t<\/span>\n\t\t<\/div>\n\t\t\t\t\t\t<\/div>\n\t\t\t\t<\/div>\n\t\t\t\t<div class=\"elementor-element elementor-element-b4ee585 elementor-widget elementor-widget-jet-woo-products\" data-id=\"b4ee585\" data-element_type=\"widget\" data-settings=\"{&quot;columns&quot;:&quot;4&quot;,&quot;columns_tablet&quot;:&quot;3&quot;,&quot;columns_mobile&quot;:&quot;1&quot;,&quot;slides_to_scroll_tablet&quot;:&quot;1&quot;,&quot;slides_to_scroll&quot;:&quot;1&quot;,&quot;space_between_slides&quot;:10}\" data-widget_type=\"jet-woo-products.default\">\n\t\t\t\t<div class=\"elementor-widget-container\">\n\t\t\t\t\t<div class=\"elementor-jet-woo-products jet-woo-builder\"><div class=\"jet-woo-carousel horizontal swiper\" data-slider_options=\"{&quot;direction&quot;:&quot;horizontal&quot;,&quot;slidesPerGroup&quot;:1,&quot;simulateTouch&quot;:false,&quot;loop&quot;:true,&quot;freeMode&quot;:false,&quot;centeredSlides&quot;:false,&quot;speed&quot;:500,&quot;paginationEnable&quot;:false,&quot;navigationEnable&quot;:true}\" dir=\"ltr\"> <div class=\"jet-woo-products jet-woo-products--preset-2 swiper-wrapper  jet-equal-cols\" data-mobile-hover=\"1\" >\n<div class=\"jet-woo-products__item jet-woo-builder-product swiper-slide\" data-product-id=\"1698\">\n\t<div class=\"jet-woo-products__inner-box jet-woo-item-overlay-wrap\" data-url=\"https:\/\/assumptafontseca.cat\/es\/recetas\/del-mar\/fideua-con-all-i-oli\/\" >\n\t\t\n<div class=\"jet-woo-products__thumb-wrap\">\n\t\n<div class=\"jet-woo-product-thumbnail\">\n\t\n\t<a href=\"https:\/\/assumptafontseca.cat\/es\/recetas\/del-mar\/fideua-con-all-i-oli\/\"><img loading=\"lazy\" decoding=\"async\" width=\"1000\" height=\"1000\" src=\"https:\/\/assumptafontseca.cat\/wp-content\/uploads\/2022\/02\/Fideua.jpg\" class=\"attachment-full size-full\" alt=\"Bandeja de fideu\u00e1 con all i oli\" \/><\/a>\n\t<div class=\"jet-woo-product-img-overlay\"><\/div>\n\n\t\n\t<\/div>\n\t<div class=\"hovered-content\">\n\t\t\t<\/div>\n<\/div>\n\n<h1 class=\"jet-woo-product-title\"><a href=\"https:\/\/assumptafontseca.cat\/es\/recetas\/del-mar\/fideua-con-all-i-oli\/\">Fideu\u00e1 con all i oli<\/a><\/h1>\n<div class=\"jet-woo-product-excerpt\">\n\t2 raciones \/ 550 gr.<\/div>\n<div class=\"jet-woo-products-cqw-wrapper\">\n\t<\/div>\t<\/div>\n\n\t\t\t<a href=\"https:\/\/assumptafontseca.cat\/es\/recetas\/del-mar\/fideua-con-all-i-oli\/\" class=\"jet-woo-item-overlay-link\"  ><\/a>\n\t<\/div>\n<div class=\"jet-woo-products__item jet-woo-builder-product swiper-slide\" data-product-id=\"1700\">\n\t<div class=\"jet-woo-products__inner-box jet-woo-item-overlay-wrap\" data-url=\"https:\/\/assumptafontseca.cat\/es\/recetas\/del-mar\/calamares-con-cebolla-y-arroz\/\" >\n\t\t\n<div class=\"jet-woo-products__thumb-wrap\">\n\t\n<div class=\"jet-woo-product-thumbnail\">\n\t\n\t<a href=\"https:\/\/assumptafontseca.cat\/es\/recetas\/del-mar\/calamares-con-cebolla-y-arroz\/\"><img loading=\"lazy\" decoding=\"async\" width=\"1000\" height=\"1000\" src=\"https:\/\/assumptafontseca.cat\/wp-content\/uploads\/2022\/02\/calamarcets-amb-ceba.jpg\" class=\"attachment-full size-full\" alt=\"Calamares con cebolla y arroz\" \/><\/a>\n\t<div class=\"jet-woo-product-img-overlay\"><\/div>\n\n\t\n\t<\/div>\n\t<div class=\"hovered-content\">\n\t\t\t<\/div>\n<\/div>\n\n<h1 class=\"jet-woo-product-title\"><a href=\"https:\/\/assumptafontseca.cat\/es\/recetas\/del-mar\/calamares-con-cebolla-y-arroz\/\">Calamares con cebolla y arroz<\/a><\/h1>\n<div class=\"jet-woo-product-excerpt\">\n\t1 raci\u00f3n \/ 300 gr.<\/div>\n<div class=\"jet-woo-products-cqw-wrapper\">\n\t<\/div>\t<\/div>\n\n\t\t\t<a href=\"https:\/\/assumptafontseca.cat\/es\/recetas\/del-mar\/calamares-con-cebolla-y-arroz\/\" class=\"jet-woo-item-overlay-link\"  ><\/a>\n\t<\/div>\n<div class=\"jet-woo-products__item jet-woo-builder-product swiper-slide\" data-product-id=\"1699\">\n\t<div class=\"jet-woo-products__inner-box jet-woo-item-overlay-wrap\" data-url=\"https:\/\/assumptafontseca.cat\/es\/recetas\/del-mar\/bunuelos-de-bacalao\/\" >\n\t\t\n<div class=\"jet-woo-products__thumb-wrap\">\n\t\n<div class=\"jet-woo-product-thumbnail\">\n\t\n\t<a href=\"https:\/\/assumptafontseca.cat\/es\/recetas\/del-mar\/bunuelos-de-bacalao\/\"><img loading=\"lazy\" decoding=\"async\" width=\"1000\" height=\"1000\" src=\"https:\/\/assumptafontseca.cat\/wp-content\/uploads\/2022\/02\/bunyols-de-bacalla.jpg\" class=\"attachment-full size-full\" alt=\"Bandeja de 20 unidades de bu\u00f1uelos de bacalao\" \/><\/a>\n\t<div class=\"jet-woo-product-img-overlay\"><\/div>\n\n\t\n\t<\/div>\n\t<div class=\"hovered-content\">\n\t\t\t<\/div>\n<\/div>\n\n<h1 class=\"jet-woo-product-title\"><a href=\"https:\/\/assumptafontseca.cat\/es\/recetas\/del-mar\/bunuelos-de-bacalao\/\">Bu\u00f1uelos de bacalao<\/a><\/h1>\n<div class=\"jet-woo-product-excerpt\">\n\t20 unidades<\/div>\n<div class=\"jet-woo-products-cqw-wrapper\">\n\t<\/div>\t<\/div>\n\n\t\t\t<a href=\"https:\/\/assumptafontseca.cat\/es\/recetas\/del-mar\/bunuelos-de-bacalao\/\" class=\"jet-woo-item-overlay-link\"  ><\/a>\n\t<\/div>\n<div class=\"jet-woo-products__item jet-woo-builder-product swiper-slide\" data-product-id=\"1697\">\n\t<div class=\"jet-woo-products__inner-box jet-woo-item-overlay-wrap\" data-url=\"https:\/\/assumptafontseca.cat\/es\/recetas\/del-mar\/varitas-de-merluza\/\" >\n\t\t\n<div class=\"jet-woo-products__thumb-wrap\">\n\t\n<div class=\"jet-woo-product-thumbnail\">\n\t\n\t<a href=\"https:\/\/assumptafontseca.cat\/es\/recetas\/del-mar\/varitas-de-merluza\/\"><img loading=\"lazy\" decoding=\"async\" width=\"1000\" height=\"1000\" src=\"https:\/\/assumptafontseca.cat\/wp-content\/uploads\/2022\/02\/bastonets-de-lluc.jpg\" class=\"attachment-full size-full\" alt=\"Bandeja de varitas de merluza\" \/><\/a>\n\t<div class=\"jet-woo-product-img-overlay\"><\/div>\n\n\t\n\t<\/div>\n\t<div class=\"hovered-content\">\n\t\t\t<\/div>\n<\/div>\n\n<h1 class=\"jet-woo-product-title\"><a href=\"https:\/\/assumptafontseca.cat\/es\/recetas\/del-mar\/varitas-de-merluza\/\">Varitas de merluza<\/a><\/h1>\n<div class=\"jet-woo-product-excerpt\">\n\t250 gr.<\/div>\n<div class=\"jet-woo-products-cqw-wrapper\">\n\t<\/div>\t<\/div>\n\n\t\t\t<a href=\"https:\/\/assumptafontseca.cat\/es\/recetas\/del-mar\/varitas-de-merluza\/\" class=\"jet-woo-item-overlay-link\"  ><\/a>\n\t<\/div>\n<div class=\"jet-woo-products__item jet-woo-builder-product swiper-slide\" data-product-id=\"1696\">\n\t<div class=\"jet-woo-products__inner-box jet-woo-item-overlay-wrap\" data-url=\"https:\/\/assumptafontseca.cat\/es\/recetas\/del-mar\/fumet-de-pescado\/\" >\n\t\t\n<div class=\"jet-woo-products__thumb-wrap\">\n\t\n<div class=\"jet-woo-product-thumbnail\">\n\t\n\t<a href=\"https:\/\/assumptafontseca.cat\/es\/recetas\/del-mar\/fumet-de-pescado\/\"><img loading=\"lazy\" decoding=\"async\" width=\"1000\" height=\"1000\" src=\"https:\/\/assumptafontseca.cat\/wp-content\/uploads\/2022\/02\/fumet-de-peix.jpg\" class=\"attachment-full size-full\" alt=\"Botella de fumet de pescado\" \/><\/a>\n\t<div class=\"jet-woo-product-img-overlay\"><\/div>\n\n\t\n\t<\/div>\n\t<div class=\"hovered-content\">\n\t\t\t<\/div>\n<\/div>\n\n<h1 class=\"jet-woo-product-title\"><a href=\"https:\/\/assumptafontseca.cat\/es\/recetas\/del-mar\/fumet-de-pescado\/\">Fumet de pescado<\/a><\/h1>\n<div class=\"jet-woo-product-excerpt\">\n\t750 ml.<\/div>\n<div class=\"jet-woo-products-cqw-wrapper\">\n\t<\/div>\t<\/div>\n\n\t\t\t<a href=\"https:\/\/assumptafontseca.cat\/es\/recetas\/del-mar\/fumet-de-pescado\/\" class=\"jet-woo-item-overlay-link\"  ><\/a>\n\t<\/div>\n<div class=\"jet-woo-products__item jet-woo-builder-product swiper-slide\" data-product-id=\"1471\">\n\t<div class=\"jet-woo-products__inner-box jet-woo-item-overlay-wrap\" data-url=\"https:\/\/assumptafontseca.cat\/es\/recetas\/del-mar\/calamares-con-alcachofas\/\" >\n\t\t\n<div class=\"jet-woo-products__thumb-wrap\">\n\t\n<div class=\"jet-woo-product-thumbnail\">\n\t\n\t<a href=\"https:\/\/assumptafontseca.cat\/es\/recetas\/del-mar\/calamares-con-alcachofas\/\"><img loading=\"lazy\" decoding=\"async\" width=\"1000\" height=\"1000\" src=\"https:\/\/assumptafontseca.cat\/wp-content\/uploads\/2022\/02\/calamarcets-amb-carxofes.jpg\" class=\"attachment-full size-full\" alt=\"Calamares con alcachofas\" \/><\/a>\n\t<div class=\"jet-woo-product-img-overlay\"><\/div>\n\n\t\n\t<\/div>\n\t<div class=\"hovered-content\">\n\t\t\t<\/div>\n<\/div>\n\n<h1 class=\"jet-woo-product-title\"><a href=\"https:\/\/assumptafontseca.cat\/es\/recetas\/del-mar\/calamares-con-alcachofas\/\">Calamares con alcachofas<\/a><\/h1>\n<div class=\"jet-woo-product-excerpt\">\n\t1 raci\u00f3n \/ 250 gr.<\/div>\n<div class=\"jet-woo-products-cqw-wrapper\">\n\t<\/div>\t<\/div>\n\n\t\t\t<a href=\"https:\/\/assumptafontseca.cat\/es\/recetas\/del-mar\/calamares-con-alcachofas\/\" class=\"jet-woo-item-overlay-link\"  ><\/a>\n\t<\/div><\/div>\n  <div class=\"prev-arrow jet-swiper-button-prev jet-arrow\"><i aria-hidden=\"true\" class=\"fas fa-chevron-left\"><\/i><\/div> <div class=\"next-arrow jet-swiper-button-next jet-arrow\"><i aria-hidden=\"true\" class=\"fas fa-chevron-right\"><\/i><\/div> <\/div><\/div>\t\t\t\t<\/div>\n\t\t\t\t<\/div>\n\t\t\t\t\t<\/div>\n\t\t<\/div>\n\t\t\t\t\t<\/div>\n\t\t<\/section>\n\t\t\t\t<section class=\"elementor-section elementor-top-section elementor-element elementor-element-38c0294 elementor-section-full_width elementor-section-height-default elementor-section-height-default\" data-id=\"38c0294\" data-element_type=\"section\">\n\t\t\t\t\t\t<div class=\"elementor-container elementor-column-gap-default\">\n\t\t\t\t\t<div class=\"elementor-column elementor-col-100 elementor-top-column elementor-element elementor-element-40a24ea\" data-id=\"40a24ea\" data-element_type=\"column\">\n\t\t\t<div class=\"elementor-widget-wrap elementor-element-populated\">\n\t\t\t\t\t\t<div class=\"elementor-element elementor-element-36eef09 elementor-absolute elementor-widget elementor-widget-menu-anchor\" data-id=\"36eef09\" data-element_type=\"widget\" data-settings=\"{&quot;_position&quot;:&quot;absolute&quot;}\" data-widget_type=\"menu-anchor.default\">\n\t\t\t\t<div class=\"elementor-widget-container\">\n\t\t\t\t\t\t\t<div class=\"elementor-menu-anchor\" id=\"menu4\"><\/div>\n\t\t\t\t\t\t<\/div>\n\t\t\t\t<\/div>\n\t\t\t\t<section class=\"elementor-section elementor-inner-section elementor-element elementor-element-215a76a elementor-section-full_width elementor-section-content-bottom elementor-section-height-default elementor-section-height-default\" data-id=\"215a76a\" data-element_type=\"section\">\n\t\t\t\t\t\t<div class=\"elementor-container elementor-column-gap-no\">\n\t\t\t\t\t<div class=\"elementor-column elementor-col-50 elementor-inner-column elementor-element elementor-element-d9b0a39\" data-id=\"d9b0a39\" data-element_type=\"column\">\n\t\t\t<div class=\"elementor-widget-wrap elementor-element-populated\">\n\t\t\t\t\t\t<div class=\"elementor-element elementor-element-be3afc8 elementor-widget elementor-widget-heading\" data-id=\"be3afc8\" data-element_type=\"widget\" data-widget_type=\"heading.default\">\n\t\t\t\t<div class=\"elementor-widget-container\">\n\t\t\t\t\t<h1 class=\"elementor-heading-title elementor-size-default\">DEL CAMPO<\/h1>\t\t\t\t<\/div>\n\t\t\t\t<\/div>\n\t\t\t\t\t<\/div>\n\t\t<\/div>\n\t\t\t\t<div class=\"elementor-column elementor-col-50 elementor-inner-column elementor-element elementor-element-7016762\" data-id=\"7016762\" data-element_type=\"column\">\n\t\t\t<div class=\"elementor-widget-wrap elementor-element-populated\">\n\t\t\t\t\t\t<div class=\"elementor-element elementor-element-f19a867 elementor-align-right elementor-widget elementor-widget-button\" data-id=\"f19a867\" data-element_type=\"widget\" data-widget_type=\"button.default\">\n\t\t\t\t<div class=\"elementor-widget-container\">\n\t\t\t\t\t\t\t\t\t<div class=\"elementor-button-wrapper\">\n\t\t\t\t\t<a class=\"elementor-button elementor-button-link elementor-size-sm\" href=\"https:\/\/assumptafontseca.cat\/es\/plats-cuinats\/del-camp\/\">\n\t\t\t\t\t\t<span class=\"elementor-button-content-wrapper\">\n\t\t\t\t\t\t\t\t\t<span class=\"elementor-button-text\">verlos todos<\/span>\n\t\t\t\t\t<\/span>\n\t\t\t\t\t<\/a>\n\t\t\t\t<\/div>\n\t\t\t\t\t\t\t\t<\/div>\n\t\t\t\t<\/div>\n\t\t\t\t\t<\/div>\n\t\t<\/div>\n\t\t\t\t\t<\/div>\n\t\t<\/section>\n\t\t\t\t<div class=\"elementor-element elementor-element-7fda3bf elementor-widget-divider--view-line elementor-widget elementor-widget-divider\" data-id=\"7fda3bf\" data-element_type=\"widget\" data-widget_type=\"divider.default\">\n\t\t\t\t<div class=\"elementor-widget-container\">\n\t\t\t\t\t\t\t<div class=\"elementor-divider\">\n\t\t\t<span class=\"elementor-divider-separator\">\n\t\t\t\t\t\t<\/span>\n\t\t<\/div>\n\t\t\t\t\t\t<\/div>\n\t\t\t\t<\/div>\n\t\t\t\t<div class=\"elementor-element elementor-element-a64d325 elementor-widget elementor-widget-jet-woo-products\" data-id=\"a64d325\" data-element_type=\"widget\" data-settings=\"{&quot;columns&quot;:&quot;4&quot;,&quot;columns_tablet&quot;:&quot;3&quot;,&quot;columns_mobile&quot;:&quot;1&quot;,&quot;slides_to_scroll_tablet&quot;:&quot;1&quot;,&quot;slides_to_scroll&quot;:&quot;1&quot;,&quot;space_between_slides&quot;:10}\" data-widget_type=\"jet-woo-products.default\">\n\t\t\t\t<div class=\"elementor-widget-container\">\n\t\t\t\t\t<div class=\"elementor-jet-woo-products jet-woo-builder\"><div class=\"jet-woo-carousel horizontal swiper\" data-slider_options=\"{&quot;direction&quot;:&quot;horizontal&quot;,&quot;slidesPerGroup&quot;:1,&quot;simulateTouch&quot;:false,&quot;loop&quot;:true,&quot;freeMode&quot;:false,&quot;centeredSlides&quot;:false,&quot;speed&quot;:500,&quot;paginationEnable&quot;:false,&quot;navigationEnable&quot;:true}\" dir=\"ltr\"> <div class=\"jet-woo-products jet-woo-products--preset-2 swiper-wrapper  jet-equal-cols\" data-mobile-hover=\"1\" >\n<div class=\"jet-woo-products__item jet-woo-builder-product swiper-slide\" data-product-id=\"1779\">\n\t<div class=\"jet-woo-products__inner-box jet-woo-item-overlay-wrap\" data-url=\"https:\/\/assumptafontseca.cat\/es\/recetas\/del-campo\/macarrones-a-bolonesa\/\" >\n\t\t\n<div class=\"jet-woo-products__thumb-wrap\">\n\t\n<div class=\"jet-woo-product-thumbnail\">\n\t\n\t<a href=\"https:\/\/assumptafontseca.cat\/es\/recetas\/del-campo\/macarrones-a-bolonesa\/\"><img loading=\"lazy\" decoding=\"async\" width=\"1000\" height=\"1000\" src=\"https:\/\/assumptafontseca.cat\/wp-content\/uploads\/2022\/02\/macarrons-2-unitats.jpg\" class=\"attachment-full size-full\" alt=\"Plato de macarrones a la bolo\u00f1esa para dos personas\" \/><\/a>\n\t<div class=\"jet-woo-product-img-overlay\"><\/div>\n\n\t\n\t<\/div>\n\t<div class=\"hovered-content\">\n\t\t\t<\/div>\n<\/div>\n\n<h1 class=\"jet-woo-product-title\"><a href=\"https:\/\/assumptafontseca.cat\/es\/recetas\/del-campo\/macarrones-a-bolonesa\/\">Macarrones a la bolo\u00f1esa<\/a><\/h1>\n<div class=\"jet-woo-product-excerpt\">\n\t2 raciones \/ 600 gr.<\/div>\n<div class=\"jet-woo-products-cqw-wrapper\">\n\t<\/div>\t<\/div>\n\n\t\t\t<a href=\"https:\/\/assumptafontseca.cat\/es\/recetas\/del-campo\/macarrones-a-bolonesa\/\" class=\"jet-woo-item-overlay-link\"  ><\/a>\n\t<\/div>\n<div class=\"jet-woo-products__item jet-woo-builder-product swiper-slide\" data-product-id=\"1770\">\n\t<div class=\"jet-woo-products__inner-box jet-woo-item-overlay-wrap\" data-url=\"https:\/\/assumptafontseca.cat\/es\/recetas\/del-campo\/paella\/\" >\n\t\t\n<div class=\"jet-woo-products__thumb-wrap\">\n\t\n<div class=\"jet-woo-product-thumbnail\">\n\t\n\t<a href=\"https:\/\/assumptafontseca.cat\/es\/recetas\/del-campo\/paella\/\"><img loading=\"lazy\" decoding=\"async\" width=\"1000\" height=\"1000\" src=\"https:\/\/assumptafontseca.cat\/wp-content\/uploads\/2022\/02\/paella.jpg\" class=\"attachment-full size-full\" alt=\"Bandeja de paella para dos personas\" \/><\/a>\n\t<div class=\"jet-woo-product-img-overlay\"><\/div>\n\n\t\n\t<\/div>\n\t<div class=\"hovered-content\">\n\t\t\t<\/div>\n<\/div>\n\n<h1 class=\"jet-woo-product-title\"><a href=\"https:\/\/assumptafontseca.cat\/es\/recetas\/del-campo\/paella\/\">Paella<\/a><\/h1>\n<div class=\"jet-woo-product-excerpt\">\n\t2 raciones \/ 600 gr.<\/div>\n<div class=\"jet-woo-products-cqw-wrapper\">\n\t<\/div>\t<\/div>\n\n\t\t\t<a href=\"https:\/\/assumptafontseca.cat\/es\/recetas\/del-campo\/paella\/\" class=\"jet-woo-item-overlay-link\"  ><\/a>\n\t<\/div>\n<div class=\"jet-woo-products__item jet-woo-builder-product swiper-slide\" data-product-id=\"1807\">\n\t<div class=\"jet-woo-products__inner-box jet-woo-item-overlay-wrap\" data-url=\"https:\/\/assumptafontseca.cat\/es\/recetas\/del-campo\/arroz-negro\/\" >\n\t\t\n<div class=\"jet-woo-products__thumb-wrap\">\n\t\n<div class=\"jet-woo-product-thumbnail\">\n\t\n\t<a href=\"https:\/\/assumptafontseca.cat\/es\/recetas\/del-campo\/arroz-negro\/\"><img loading=\"lazy\" decoding=\"async\" width=\"1000\" height=\"1000\" src=\"https:\/\/assumptafontseca.cat\/wp-content\/uploads\/2022\/02\/arros-negre-2-unitats.jpg\" class=\"attachment-full size-full\" alt=\"Receta de arroz negro - Assumpta Fontseca\" \/><\/a>\n\t<div class=\"jet-woo-product-img-overlay\"><\/div>\n\n\t\n\t<\/div>\n\t<div class=\"hovered-content\">\n\t\t\t<\/div>\n<\/div>\n\n<h1 class=\"jet-woo-product-title\"><a href=\"https:\/\/assumptafontseca.cat\/es\/recetas\/del-campo\/arroz-negro\/\">Arroz negro<\/a><\/h1>\n<div class=\"jet-woo-product-excerpt\">\n\t2 raciones \/ 550 gr.<\/div>\n<div class=\"jet-woo-products-cqw-wrapper\">\n\t<\/div>\t<\/div>\n\n\t\t\t<a href=\"https:\/\/assumptafontseca.cat\/es\/recetas\/del-campo\/arroz-negro\/\" class=\"jet-woo-item-overlay-link\"  ><\/a>\n\t<\/div>\n<div class=\"jet-woo-products__item jet-woo-builder-product swiper-slide\" data-product-id=\"1767\">\n\t<div class=\"jet-woo-products__inner-box jet-woo-item-overlay-wrap\" data-url=\"https:\/\/assumptafontseca.cat\/es\/recetas\/del-campo\/ensalada-de-pasta\/\" >\n\t\t\n<div class=\"jet-woo-products__thumb-wrap\">\n\t\n<div class=\"jet-woo-product-thumbnail\">\n\t\n\t<a href=\"https:\/\/assumptafontseca.cat\/es\/recetas\/del-campo\/ensalada-de-pasta\/\"><img loading=\"lazy\" decoding=\"async\" width=\"1000\" height=\"1000\" src=\"https:\/\/assumptafontseca.cat\/wp-content\/uploads\/2022\/02\/amanida-de-pasta.jpg\" class=\"attachment-full size-full\" alt=\"Ensalada de pasta para una persona\" \/><\/a>\n\t<div class=\"jet-woo-product-img-overlay\"><\/div>\n\n\t\n\t<\/div>\n\t<div class=\"hovered-content\">\n\t\t\t<\/div>\n<\/div>\n\n<h1 class=\"jet-woo-product-title\"><a href=\"https:\/\/assumptafontseca.cat\/es\/recetas\/del-campo\/ensalada-de-pasta\/\">Ensalada de pasta<\/a><\/h1>\n<div class=\"jet-woo-product-excerpt\">\n\t1 raci\u00f3n \/ 300 gr.<\/div>\n<div class=\"jet-woo-products-cqw-wrapper\">\n\t<\/div>\t<\/div>\n\n\t\t\t<a href=\"https:\/\/assumptafontseca.cat\/es\/recetas\/del-campo\/ensalada-de-pasta\/\" class=\"jet-woo-item-overlay-link\"  ><\/a>\n\t<\/div>\n<div class=\"jet-woo-products__item jet-woo-builder-product swiper-slide\" data-product-id=\"1778\">\n\t<div class=\"jet-woo-products__inner-box jet-woo-item-overlay-wrap\" data-url=\"https:\/\/assumptafontseca.cat\/es\/recetas\/del-campo\/macarrones-bolonesa-racion\/\" >\n\t\t\n<div class=\"jet-woo-products__thumb-wrap\">\n\t\n<div class=\"jet-woo-product-thumbnail\">\n\t\n\t<a href=\"https:\/\/assumptafontseca.cat\/es\/recetas\/del-campo\/macarrones-bolonesa-racion\/\"><img loading=\"lazy\" decoding=\"async\" width=\"1000\" height=\"1000\" src=\"https:\/\/assumptafontseca.cat\/wp-content\/uploads\/2022\/01\/macarrons-1-unitat.jpg\" class=\"attachment-full size-full\" alt=\"Bandeja de macarrones a la bolo\u00f1esa para una persona\" \/><\/a>\n\t<div class=\"jet-woo-product-img-overlay\"><\/div>\n\n\t\n\t<\/div>\n\t<div class=\"hovered-content\">\n\t\t\t<\/div>\n<\/div>\n\n<h1 class=\"jet-woo-product-title\"><a href=\"https:\/\/assumptafontseca.cat\/es\/recetas\/del-campo\/macarrones-bolonesa-racion\/\">Macarrones a la bolo\u00f1esa<\/a><\/h1>\n<div class=\"jet-woo-product-excerpt\">\n\t1 raci\u00f3n \/ 300 gr<\/div>\n<div class=\"jet-woo-products-cqw-wrapper\">\n\t<\/div>\t<\/div>\n\n\t\t\t<a href=\"https:\/\/assumptafontseca.cat\/es\/recetas\/del-campo\/macarrones-bolonesa-racion\/\" class=\"jet-woo-item-overlay-link\"  ><\/a>\n\t<\/div>\n<div class=\"jet-woo-products__item jet-woo-builder-product swiper-slide\" data-product-id=\"1806\">\n\t<div class=\"jet-woo-products__inner-box jet-woo-item-overlay-wrap\" data-url=\"https:\/\/assumptafontseca.cat\/es\/recetas\/del-campo\/arroz-negro-racion\/\" >\n\t\t\n<div class=\"jet-woo-products__thumb-wrap\">\n\t\n<div class=\"jet-woo-product-thumbnail\">\n\t\n\t<a href=\"https:\/\/assumptafontseca.cat\/es\/recetas\/del-campo\/arroz-negro-racion\/\"><img loading=\"lazy\" decoding=\"async\" width=\"1000\" height=\"1000\" src=\"https:\/\/assumptafontseca.cat\/wp-content\/uploads\/2022\/02\/arros-negre-racio.jpg\" class=\"attachment-full size-full\" alt=\"Receta de arroz negro de una raci\u00f3n - Assumpta Fontseca\" \/><\/a>\n\t<div class=\"jet-woo-product-img-overlay\"><\/div>\n\n\t\n\t<\/div>\n\t<div class=\"hovered-content\">\n\t\t\t<\/div>\n<\/div>\n\n<h1 class=\"jet-woo-product-title\"><a href=\"https:\/\/assumptafontseca.cat\/es\/recetas\/del-campo\/arroz-negro-racion\/\">Arroz negro<\/a><\/h1>\n<div class=\"jet-woo-product-excerpt\">\n\t1 raci\u00f3n \/ 300 gr.<\/div>\n<div class=\"jet-woo-products-cqw-wrapper\">\n\t<\/div>\t<\/div>\n\n\t\t\t<a href=\"https:\/\/assumptafontseca.cat\/es\/recetas\/del-campo\/arroz-negro-racion\/\" class=\"jet-woo-item-overlay-link\"  ><\/a>\n\t<\/div><\/div>\n  <div class=\"prev-arrow jet-swiper-button-prev jet-arrow\"><i aria-hidden=\"true\" class=\"fas fa-chevron-left\"><\/i><\/div> <div class=\"next-arrow jet-swiper-button-next jet-arrow\"><i aria-hidden=\"true\" class=\"fas fa-chevron-right\"><\/i><\/div> <\/div><\/div>\t\t\t\t<\/div>\n\t\t\t\t<\/div>\n\t\t\t\t\t<\/div>\n\t\t<\/div>\n\t\t\t\t\t<\/div>\n\t\t<\/section>\n\t\t\t\t<section class=\"elementor-section elementor-top-section elementor-element elementor-element-bd834b5 elementor-section-full_width elementor-section-height-default elementor-section-height-default\" data-id=\"bd834b5\" data-element_type=\"section\">\n\t\t\t\t\t\t<div class=\"elementor-container elementor-column-gap-default\">\n\t\t\t\t\t<div class=\"elementor-column elementor-col-100 elementor-top-column elementor-element elementor-element-70ccbfb\" data-id=\"70ccbfb\" data-element_type=\"column\">\n\t\t\t<div class=\"elementor-widget-wrap elementor-element-populated\">\n\t\t\t\t\t\t<div class=\"elementor-element elementor-element-5b9e372 elementor-absolute elementor-widget elementor-widget-menu-anchor\" data-id=\"5b9e372\" data-element_type=\"widget\" data-settings=\"{&quot;_position&quot;:&quot;absolute&quot;}\" data-widget_type=\"menu-anchor.default\">\n\t\t\t\t<div class=\"elementor-widget-container\">\n\t\t\t\t\t\t\t<div class=\"elementor-menu-anchor\" id=\"menu5\"><\/div>\n\t\t\t\t\t\t<\/div>\n\t\t\t\t<\/div>\n\t\t\t\t<section class=\"elementor-section elementor-inner-section elementor-element elementor-element-bdf1672 elementor-section-full_width elementor-section-content-bottom elementor-section-height-default elementor-section-height-default\" data-id=\"bdf1672\" data-element_type=\"section\">\n\t\t\t\t\t\t<div class=\"elementor-container elementor-column-gap-no\">\n\t\t\t\t\t<div class=\"elementor-column elementor-col-50 elementor-inner-column elementor-element elementor-element-a145d68\" data-id=\"a145d68\" data-element_type=\"column\">\n\t\t\t<div class=\"elementor-widget-wrap elementor-element-populated\">\n\t\t\t\t\t\t<div class=\"elementor-element elementor-element-718f7ed elementor-widget elementor-widget-heading\" data-id=\"718f7ed\" data-element_type=\"widget\" data-widget_type=\"heading.default\">\n\t\t\t\t<div class=\"elementor-widget-container\">\n\t\t\t\t\t<h1 class=\"elementor-heading-title elementor-size-default\">DEL HUERTO<\/h1>\t\t\t\t<\/div>\n\t\t\t\t<\/div>\n\t\t\t\t\t<\/div>\n\t\t<\/div>\n\t\t\t\t<div class=\"elementor-column elementor-col-50 elementor-inner-column elementor-element elementor-element-c152902\" data-id=\"c152902\" data-element_type=\"column\">\n\t\t\t<div class=\"elementor-widget-wrap elementor-element-populated\">\n\t\t\t\t\t\t<div class=\"elementor-element elementor-element-9aad5c5 elementor-align-right elementor-widget elementor-widget-button\" data-id=\"9aad5c5\" data-element_type=\"widget\" data-widget_type=\"button.default\">\n\t\t\t\t<div class=\"elementor-widget-container\">\n\t\t\t\t\t\t\t\t\t<div class=\"elementor-button-wrapper\">\n\t\t\t\t\t<a class=\"elementor-button elementor-button-link elementor-size-sm\" href=\"https:\/\/assumptafontseca.cat\/es\/platos-cocinados\/del-huerto\/\">\n\t\t\t\t\t\t<span class=\"elementor-button-content-wrapper\">\n\t\t\t\t\t\t\t\t\t<span class=\"elementor-button-text\">verlos todos<\/span>\n\t\t\t\t\t<\/span>\n\t\t\t\t\t<\/a>\n\t\t\t\t<\/div>\n\t\t\t\t\t\t\t\t<\/div>\n\t\t\t\t<\/div>\n\t\t\t\t\t<\/div>\n\t\t<\/div>\n\t\t\t\t\t<\/div>\n\t\t<\/section>\n\t\t\t\t<div class=\"elementor-element elementor-element-e6361b7 elementor-widget-divider--view-line elementor-widget elementor-widget-divider\" data-id=\"e6361b7\" data-element_type=\"widget\" data-widget_type=\"divider.default\">\n\t\t\t\t<div class=\"elementor-widget-container\">\n\t\t\t\t\t\t\t<div class=\"elementor-divider\">\n\t\t\t<span class=\"elementor-divider-separator\">\n\t\t\t\t\t\t<\/span>\n\t\t<\/div>\n\t\t\t\t\t\t<\/div>\n\t\t\t\t<\/div>\n\t\t\t\t<div class=\"elementor-element elementor-element-1dfabcc elementor-widget elementor-widget-jet-woo-products\" data-id=\"1dfabcc\" data-element_type=\"widget\" data-settings=\"{&quot;columns&quot;:&quot;4&quot;,&quot;columns_tablet&quot;:&quot;3&quot;,&quot;columns_mobile&quot;:&quot;1&quot;,&quot;slides_to_scroll_tablet&quot;:&quot;1&quot;,&quot;slides_to_scroll&quot;:&quot;1&quot;,&quot;space_between_slides&quot;:10}\" data-widget_type=\"jet-woo-products.default\">\n\t\t\t\t<div class=\"elementor-widget-container\">\n\t\t\t\t\t<div class=\"elementor-jet-woo-products jet-woo-builder\"><div class=\"jet-woo-carousel horizontal swiper\" data-slider_options=\"{&quot;direction&quot;:&quot;horizontal&quot;,&quot;slidesPerGroup&quot;:1,&quot;simulateTouch&quot;:true,&quot;loop&quot;:true,&quot;freeMode&quot;:false,&quot;centeredSlides&quot;:false,&quot;speed&quot;:500,&quot;paginationEnable&quot;:false,&quot;navigationEnable&quot;:true}\" dir=\"ltr\"> <div class=\"jet-woo-products jet-woo-products--preset-2 swiper-wrapper  jet-equal-cols\" data-mobile-hover=\"1\" >\n<div class=\"jet-woo-products__item jet-woo-builder-product swiper-slide\" data-product-id=\"1769\">\n\t<div class=\"jet-woo-products__inner-box jet-woo-item-overlay-wrap\" data-url=\"https:\/\/assumptafontseca.cat\/es\/recetas\/del-huerto\/garbanzos-con-espinacas\/\" >\n\t\t\n<div class=\"jet-woo-products__thumb-wrap\">\n\t\n<div class=\"jet-woo-product-thumbnail\">\n\t\n\t<a href=\"https:\/\/assumptafontseca.cat\/es\/recetas\/del-huerto\/garbanzos-con-espinacas\/\"><img loading=\"lazy\" decoding=\"async\" width=\"1000\" height=\"1000\" src=\"https:\/\/assumptafontseca.cat\/wp-content\/uploads\/2022\/02\/cigrons-amb-espinacs.jpg\" class=\"attachment-full size-full\" alt=\"garbanzos con espinacas\" \/><\/a>\n\t<div class=\"jet-woo-product-img-overlay\"><\/div>\n\n\t\n\t<\/div>\n\t<div class=\"hovered-content\">\n\t\t\t<\/div>\n<\/div>\n\n<h1 class=\"jet-woo-product-title\"><a href=\"https:\/\/assumptafontseca.cat\/es\/recetas\/del-huerto\/garbanzos-con-espinacas\/\">Garbanzos con espinacas<\/a><\/h1>\n<div class=\"jet-woo-product-excerpt\">\n\t500 gr.<\/div>\n<div class=\"jet-woo-products-cqw-wrapper\">\n\t<\/div>\t<\/div>\n\n\t\t\t<a href=\"https:\/\/assumptafontseca.cat\/es\/recetas\/del-huerto\/garbanzos-con-espinacas\/\" class=\"jet-woo-item-overlay-link\"  ><\/a>\n\t<\/div>\n<div class=\"jet-woo-products__item jet-woo-builder-product swiper-slide\" data-product-id=\"1781\">\n\t<div class=\"jet-woo-products__inner-box jet-woo-item-overlay-wrap\" data-url=\"https:\/\/assumptafontseca.cat\/es\/recetas\/del-huerto\/ensaladilla-rusa\/\" >\n\t\t\n<div class=\"jet-woo-products__thumb-wrap\">\n\t\n<div class=\"jet-woo-product-thumbnail\">\n\t\n\t<a href=\"https:\/\/assumptafontseca.cat\/es\/recetas\/del-huerto\/ensaladilla-rusa\/\"><img loading=\"lazy\" decoding=\"async\" width=\"1000\" height=\"1000\" src=\"https:\/\/assumptafontseca.cat\/wp-content\/uploads\/2022\/02\/ensaladilla-russa.jpg\" class=\"attachment-full size-full\" alt=\"Receta de la ensaladilla rusa\" \/><\/a>\n\t<div class=\"jet-woo-product-img-overlay\"><\/div>\n\n\t\n\t<\/div>\n\t<div class=\"hovered-content\">\n\t\t\t<\/div>\n<\/div>\n\n<h1 class=\"jet-woo-product-title\"><a href=\"https:\/\/assumptafontseca.cat\/es\/recetas\/del-huerto\/ensaladilla-rusa\/\">Ensaladilla rusa<\/a><\/h1>\n<div class=\"jet-woo-product-excerpt\">\n\t1 raci\u00f3n \/ 350 gr.<\/div>\n<div class=\"jet-woo-products-cqw-wrapper\">\n\t<\/div>\t<\/div>\n\n\t\t\t<a href=\"https:\/\/assumptafontseca.cat\/es\/recetas\/del-huerto\/ensaladilla-rusa\/\" class=\"jet-woo-item-overlay-link\"  ><\/a>\n\t<\/div>\n<div class=\"jet-woo-products__item jet-woo-builder-product swiper-slide\" data-product-id=\"1776\">\n\t<div class=\"jet-woo-products__inner-box jet-woo-item-overlay-wrap\" data-url=\"https:\/\/assumptafontseca.cat\/es\/recetas\/del-huerto\/escalivada\/\" >\n\t\t\n<div class=\"jet-woo-products__thumb-wrap\">\n\t\n<div class=\"jet-woo-product-thumbnail\">\n\t\n\t<a href=\"https:\/\/assumptafontseca.cat\/es\/recetas\/del-huerto\/escalivada\/\"><img loading=\"lazy\" decoding=\"async\" width=\"1000\" height=\"1000\" src=\"https:\/\/assumptafontseca.cat\/wp-content\/uploads\/2022\/02\/escalivada.jpg\" class=\"attachment-full size-full\" alt=\"escalivada\" \/><\/a>\n\t<div class=\"jet-woo-product-img-overlay\"><\/div>\n\n\t\n\t<\/div>\n\t<div class=\"hovered-content\">\n\t\t\t<\/div>\n<\/div>\n\n<h1 class=\"jet-woo-product-title\"><a href=\"https:\/\/assumptafontseca.cat\/es\/recetas\/del-huerto\/escalivada\/\">Escalivada<\/a><\/h1>\n<div class=\"jet-woo-product-excerpt\">\n\t500 gr<\/div>\n<div class=\"jet-woo-products-cqw-wrapper\">\n\t<\/div>\t<\/div>\n\n\t\t\t<a href=\"https:\/\/assumptafontseca.cat\/es\/recetas\/del-huerto\/escalivada\/\" class=\"jet-woo-item-overlay-link\"  ><\/a>\n\t<\/div>\n<div class=\"jet-woo-products__item jet-woo-builder-product swiper-slide\" data-product-id=\"1772\">\n\t<div class=\"jet-woo-products__inner-box jet-woo-item-overlay-wrap\" data-url=\"https:\/\/assumptafontseca.cat\/es\/recetas\/del-huerto\/espinacas-a-la-catalana\/\" >\n\t\t\n<div class=\"jet-woo-products__thumb-wrap\">\n\t\n<div class=\"jet-woo-product-thumbnail\">\n\t\n\t<a href=\"https:\/\/assumptafontseca.cat\/es\/recetas\/del-huerto\/espinacas-a-la-catalana\/\"><img loading=\"lazy\" decoding=\"async\" width=\"1000\" height=\"1000\" src=\"https:\/\/assumptafontseca.cat\/wp-content\/uploads\/2022\/02\/espinacs-a-la-catalana.jpg\" class=\"attachment-full size-full\" alt=\"Espinacas a la catalana con pasas y pi\u00f1ones\" \/><\/a>\n\t<div class=\"jet-woo-product-img-overlay\"><\/div>\n\n\t\n\t<\/div>\n\t<div class=\"hovered-content\">\n\t\t\t<\/div>\n<\/div>\n\n<h1 class=\"jet-woo-product-title\"><a href=\"https:\/\/assumptafontseca.cat\/es\/recetas\/del-huerto\/espinacas-a-la-catalana\/\">Espinacas a la catalana<\/a><\/h1>\n<div class=\"jet-woo-product-excerpt\">\n\t1 raci\u00f3n \/ 350 gr.<\/div>\n<div class=\"jet-woo-products-cqw-wrapper\">\n\t<\/div>\t<\/div>\n\n\t\t\t<a href=\"https:\/\/assumptafontseca.cat\/es\/recetas\/del-huerto\/espinacas-a-la-catalana\/\" class=\"jet-woo-item-overlay-link\"  ><\/a>\n\t<\/div>\n<div class=\"jet-woo-products__item jet-woo-builder-product swiper-slide\" data-product-id=\"1759\">\n\t<div class=\"jet-woo-products__inner-box jet-woo-item-overlay-wrap\" data-url=\"https:\/\/assumptafontseca.cat\/es\/recetas\/del-huerto\/gazpacho\/\" >\n\t\t\n<div class=\"jet-woo-products__thumb-wrap\">\n\t\n<div class=\"jet-woo-product-thumbnail\">\n\t\n\t<a href=\"https:\/\/assumptafontseca.cat\/es\/recetas\/del-huerto\/gazpacho\/\"><img loading=\"lazy\" decoding=\"async\" width=\"1000\" height=\"1000\" src=\"https:\/\/assumptafontseca.cat\/wp-content\/uploads\/2022\/02\/gaspatxo.jpg\" class=\"attachment-full size-full\" alt=\"Botella de gazpacho de 1 litro\" \/><\/a>\n\t<div class=\"jet-woo-product-img-overlay\"><\/div>\n\n\t\n\t<\/div>\n\t<div class=\"hovered-content\">\n\t\t\t<\/div>\n<\/div>\n\n<h1 class=\"jet-woo-product-title\"><a href=\"https:\/\/assumptafontseca.cat\/es\/recetas\/del-huerto\/gazpacho\/\">Gazpacho<\/a><\/h1>\n<div class=\"jet-woo-product-excerpt\">\n\t1 L<\/div>\n<div class=\"jet-woo-products-cqw-wrapper\">\n\t<\/div>\t<\/div>\n\n\t\t\t<a href=\"https:\/\/assumptafontseca.cat\/es\/recetas\/del-huerto\/gazpacho\/\" class=\"jet-woo-item-overlay-link\"  ><\/a>\n\t<\/div>\n<div class=\"jet-woo-products__item jet-woo-builder-product swiper-slide\" data-product-id=\"1774\">\n\t<div class=\"jet-woo-products__inner-box jet-woo-item-overlay-wrap\" data-url=\"https:\/\/assumptafontseca.cat\/es\/recetas\/del-huerto\/verduras-a-la-brasa\/\" >\n\t\t\n<div class=\"jet-woo-products__thumb-wrap\">\n\t\n<div class=\"jet-woo-product-thumbnail\">\n\t\n\t<a href=\"https:\/\/assumptafontseca.cat\/es\/recetas\/del-huerto\/verduras-a-la-brasa\/\"><img loading=\"lazy\" decoding=\"async\" width=\"1000\" height=\"1000\" src=\"https:\/\/assumptafontseca.cat\/wp-content\/uploads\/2022\/01\/graellada-de-verdures.jpg\" class=\"attachment-full size-full\" alt=\"Combinado de verduras a la brasa\" \/><\/a>\n\t<div class=\"jet-woo-product-img-overlay\"><\/div>\n\n\t\n\t<\/div>\n\t<div class=\"hovered-content\">\n\t\t\t<\/div>\n<\/div>\n\n<h1 class=\"jet-woo-product-title\"><a href=\"https:\/\/assumptafontseca.cat\/es\/recetas\/del-huerto\/verduras-a-la-brasa\/\">Verduras a la brasa<\/a><\/h1>\n<div class=\"jet-woo-product-excerpt\">\n\t400 gr.<\/div>\n<div class=\"jet-woo-products-cqw-wrapper\">\n\t<\/div>\t<\/div>\n\n\t\t\t<a href=\"https:\/\/assumptafontseca.cat\/es\/recetas\/del-huerto\/verduras-a-la-brasa\/\" class=\"jet-woo-item-overlay-link\"  ><\/a>\n\t<\/div>\n<div class=\"jet-woo-products__item jet-woo-builder-product swiper-slide\" data-product-id=\"1771\">\n\t<div class=\"jet-woo-products__inner-box jet-woo-item-overlay-wrap\" data-url=\"https:\/\/assumptafontseca.cat\/es\/recetas\/del-huerto\/guisantes-con-jamon-iberico\/\" >\n\t\t\n<div class=\"jet-woo-products__thumb-wrap\">\n\t\n<div class=\"jet-woo-product-thumbnail\">\n\t\n\t<a href=\"https:\/\/assumptafontseca.cat\/es\/recetas\/del-huerto\/guisantes-con-jamon-iberico\/\"><img loading=\"lazy\" decoding=\"async\" width=\"1000\" height=\"1000\" src=\"https:\/\/assumptafontseca.cat\/wp-content\/uploads\/2022\/02\/pesols-amb-pernil-iberic.jpg\" class=\"attachment-full size-full\" alt=\"Bandeja de guisantes con jam\u00f3n ib\u00e9rico\" \/><\/a>\n\t<div class=\"jet-woo-product-img-overlay\"><\/div>\n\n\t\n\t<\/div>\n\t<div class=\"hovered-content\">\n\t\t\t<\/div>\n<\/div>\n\n<h1 class=\"jet-woo-product-title\"><a href=\"https:\/\/assumptafontseca.cat\/es\/recetas\/del-huerto\/guisantes-con-jamon-iberico\/\">Guisantes con jam\u00f3n ib\u00e9rico<\/a><\/h1>\n<div class=\"jet-woo-product-excerpt\">\n\t1 raci\u00f3n \/ 300 gr.<\/div>\n<div class=\"jet-woo-products-cqw-wrapper\">\n\t<\/div>\t<\/div>\n\n\t\t\t<a href=\"https:\/\/assumptafontseca.cat\/es\/recetas\/del-huerto\/guisantes-con-jamon-iberico\/\" class=\"jet-woo-item-overlay-link\"  ><\/a>\n\t<\/div><\/div>\n  <div class=\"prev-arrow jet-swiper-button-prev jet-arrow\"><i aria-hidden=\"true\" class=\"fas fa-chevron-left\"><\/i><\/div> <div class=\"next-arrow jet-swiper-button-next jet-arrow\"><i aria-hidden=\"true\" class=\"fas fa-chevron-right\"><\/i><\/div> <\/div><\/div>\t\t\t\t<\/div>\n\t\t\t\t<\/div>\n\t\t\t\t\t<\/div>\n\t\t<\/div>\n\t\t\t\t\t<\/div>\n\t\t<\/section>\n\t\t\t\t<section class=\"elementor-section elementor-top-section elementor-element elementor-element-8458e65 elementor-section-full_width elementor-section-height-default elementor-section-height-default\" data-id=\"8458e65\" data-element_type=\"section\">\n\t\t\t\t\t\t<div class=\"elementor-container elementor-column-gap-default\">\n\t\t\t\t\t<div class=\"elementor-column elementor-col-100 elementor-top-column elementor-element elementor-element-293fde3\" data-id=\"293fde3\" data-element_type=\"column\">\n\t\t\t<div class=\"elementor-widget-wrap elementor-element-populated\">\n\t\t\t\t\t\t<div class=\"elementor-element elementor-element-3f508f2 elementor-absolute elementor-widget elementor-widget-menu-anchor\" data-id=\"3f508f2\" data-element_type=\"widget\" data-settings=\"{&quot;_position&quot;:&quot;absolute&quot;}\" data-widget_type=\"menu-anchor.default\">\n\t\t\t\t<div class=\"elementor-widget-container\">\n\t\t\t\t\t\t\t<div class=\"elementor-menu-anchor\" id=\"menu6\"><\/div>\n\t\t\t\t\t\t<\/div>\n\t\t\t\t<\/div>\n\t\t\t\t<section class=\"elementor-section elementor-inner-section elementor-element elementor-element-afe0e57 elementor-section-full_width elementor-section-content-bottom elementor-section-height-default elementor-section-height-default\" data-id=\"afe0e57\" data-element_type=\"section\">\n\t\t\t\t\t\t<div class=\"elementor-container elementor-column-gap-no\">\n\t\t\t\t\t<div class=\"elementor-column elementor-col-50 elementor-inner-column elementor-element elementor-element-13e0e90\" data-id=\"13e0e90\" data-element_type=\"column\">\n\t\t\t<div class=\"elementor-widget-wrap elementor-element-populated\">\n\t\t\t\t\t\t<div class=\"elementor-element elementor-element-072d677 elementor-widget elementor-widget-heading\" data-id=\"072d677\" data-element_type=\"widget\" data-widget_type=\"heading.default\">\n\t\t\t\t<div class=\"elementor-widget-container\">\n\t\t\t\t\t<h1 class=\"elementor-heading-title elementor-size-default\">CROQUETAS<\/h1>\t\t\t\t<\/div>\n\t\t\t\t<\/div>\n\t\t\t\t\t<\/div>\n\t\t<\/div>\n\t\t\t\t<div class=\"elementor-column elementor-col-50 elementor-inner-column elementor-element elementor-element-8482532\" data-id=\"8482532\" data-element_type=\"column\">\n\t\t\t<div class=\"elementor-widget-wrap elementor-element-populated\">\n\t\t\t\t\t\t<div class=\"elementor-element elementor-element-725535e elementor-align-right elementor-widget elementor-widget-button\" data-id=\"725535e\" data-element_type=\"widget\" data-widget_type=\"button.default\">\n\t\t\t\t<div class=\"elementor-widget-container\">\n\t\t\t\t\t\t\t\t\t<div class=\"elementor-button-wrapper\">\n\t\t\t\t\t<a class=\"elementor-button elementor-button-link elementor-size-sm\" href=\"https:\/\/assumptafontseca.cat\/es\/platos-cocinados\/croquetas\/\">\n\t\t\t\t\t\t<span class=\"elementor-button-content-wrapper\">\n\t\t\t\t\t\t\t\t\t<span class=\"elementor-button-text\">verlos todos<\/span>\n\t\t\t\t\t<\/span>\n\t\t\t\t\t<\/a>\n\t\t\t\t<\/div>\n\t\t\t\t\t\t\t\t<\/div>\n\t\t\t\t<\/div>\n\t\t\t\t\t<\/div>\n\t\t<\/div>\n\t\t\t\t\t<\/div>\n\t\t<\/section>\n\t\t\t\t<div class=\"elementor-element elementor-element-46a4016 elementor-widget-divider--view-line elementor-widget elementor-widget-divider\" data-id=\"46a4016\" data-element_type=\"widget\" data-widget_type=\"divider.default\">\n\t\t\t\t<div class=\"elementor-widget-container\">\n\t\t\t\t\t\t\t<div class=\"elementor-divider\">\n\t\t\t<span class=\"elementor-divider-separator\">\n\t\t\t\t\t\t<\/span>\n\t\t<\/div>\n\t\t\t\t\t\t<\/div>\n\t\t\t\t<\/div>\n\t\t\t\t<div class=\"elementor-element elementor-element-59ee48d elementor-widget elementor-widget-jet-woo-products\" data-id=\"59ee48d\" data-element_type=\"widget\" data-settings=\"{&quot;columns&quot;:&quot;4&quot;,&quot;columns_tablet&quot;:&quot;3&quot;,&quot;columns_mobile&quot;:&quot;1&quot;,&quot;slides_to_scroll_tablet&quot;:&quot;1&quot;,&quot;slides_to_scroll&quot;:&quot;1&quot;,&quot;space_between_slides&quot;:10}\" data-widget_type=\"jet-woo-products.default\">\n\t\t\t\t<div class=\"elementor-widget-container\">\n\t\t\t\t\t<div class=\"elementor-jet-woo-products jet-woo-builder\"><div class=\"jet-woo-carousel horizontal swiper\" data-slider_options=\"{&quot;direction&quot;:&quot;horizontal&quot;,&quot;slidesPerGroup&quot;:1,&quot;simulateTouch&quot;:false,&quot;loop&quot;:true,&quot;freeMode&quot;:false,&quot;centeredSlides&quot;:false,&quot;speed&quot;:500,&quot;paginationEnable&quot;:false,&quot;navigationEnable&quot;:true}\" dir=\"ltr\"> <div class=\"jet-woo-products jet-woo-products--preset-2 swiper-wrapper  jet-equal-cols\" data-mobile-hover=\"1\" >\n<div class=\"jet-woo-products__item jet-woo-builder-product swiper-slide\" data-product-id=\"1760\">\n\t<div class=\"jet-woo-products__inner-box jet-woo-item-overlay-wrap\" data-url=\"https:\/\/assumptafontseca.cat\/es\/recetas\/croquetas\/croquetas-de-jamon-iberico\/\" >\n\t\t\n<div class=\"jet-woo-products__thumb-wrap\">\n\t\n<div class=\"jet-woo-product-thumbnail\">\n\t\n\t<a href=\"https:\/\/assumptafontseca.cat\/es\/recetas\/croquetas\/croquetas-de-jamon-iberico\/\"><img loading=\"lazy\" decoding=\"async\" width=\"1000\" height=\"1000\" src=\"https:\/\/assumptafontseca.cat\/wp-content\/uploads\/2022\/02\/croquetes-de-pernil-iberic.jpg\" class=\"attachment-full size-full\" alt=\"Croquetas de jam\u00f3n ib\u00e9rico 16 unidades\" \/><\/a>\n\t<div class=\"jet-woo-product-img-overlay\"><\/div>\n\n\t\n\t<\/div>\n\t<div class=\"hovered-content\">\n\t\t\t<\/div>\n<\/div>\n\n<h1 class=\"jet-woo-product-title\"><a href=\"https:\/\/assumptafontseca.cat\/es\/recetas\/croquetas\/croquetas-de-jamon-iberico\/\">Croquetas de jam\u00f3n ib\u00e9rico<\/a><\/h1>\n<div class=\"jet-woo-product-excerpt\">\n\t16 unidades<\/div>\n<div class=\"jet-woo-products-cqw-wrapper\">\n\t<\/div>\t<\/div>\n\n\t\t\t<a href=\"https:\/\/assumptafontseca.cat\/es\/recetas\/croquetas\/croquetas-de-jamon-iberico\/\" class=\"jet-woo-item-overlay-link\"  ><\/a>\n\t<\/div>\n<div class=\"jet-woo-products__item jet-woo-builder-product swiper-slide\" data-product-id=\"1766\">\n\t<div class=\"jet-woo-products__inner-box jet-woo-item-overlay-wrap\" data-url=\"https:\/\/assumptafontseca.cat\/es\/recetas\/croquetas\/croquetas-de-pollo\/\" >\n\t\t\n<div class=\"jet-woo-products__thumb-wrap\">\n\t\n<div class=\"jet-woo-product-thumbnail\">\n\t\n\t<a href=\"https:\/\/assumptafontseca.cat\/es\/recetas\/croquetas\/croquetas-de-pollo\/\"><img loading=\"lazy\" decoding=\"async\" width=\"1000\" height=\"1000\" src=\"https:\/\/assumptafontseca.cat\/wp-content\/uploads\/2022\/01\/croquetes-de-pollastre.jpg\" class=\"attachment-full size-full\" alt=\"Croquetas de pollo 16 unidades\" \/><\/a>\n\t<div class=\"jet-woo-product-img-overlay\"><\/div>\n\n\t\n\t<\/div>\n\t<div class=\"hovered-content\">\n\t\t\t<\/div>\n<\/div>\n\n<h1 class=\"jet-woo-product-title\"><a href=\"https:\/\/assumptafontseca.cat\/es\/recetas\/croquetas\/croquetas-de-pollo\/\">Croquetas de pollo<\/a><\/h1>\n<div class=\"jet-woo-product-excerpt\">\n\t16 unidades<\/div>\n<div class=\"jet-woo-products-cqw-wrapper\">\n\t<\/div>\t<\/div>\n\n\t\t\t<a href=\"https:\/\/assumptafontseca.cat\/es\/recetas\/croquetas\/croquetas-de-pollo\/\" class=\"jet-woo-item-overlay-link\"  ><\/a>\n\t<\/div>\n<div class=\"jet-woo-products__item jet-woo-builder-product swiper-slide\" data-product-id=\"1764\">\n\t<div class=\"jet-woo-products__inner-box jet-woo-item-overlay-wrap\" data-url=\"https:\/\/assumptafontseca.cat\/es\/recetas\/croquetas\/croquetas-de-rustido\/\" >\n\t\t\n<div class=\"jet-woo-products__thumb-wrap\">\n\t\n<div class=\"jet-woo-product-thumbnail\">\n\t\n\t<a href=\"https:\/\/assumptafontseca.cat\/es\/recetas\/croquetas\/croquetas-de-rustido\/\"><img loading=\"lazy\" decoding=\"async\" width=\"1000\" height=\"1000\" src=\"https:\/\/assumptafontseca.cat\/wp-content\/uploads\/2022\/02\/croquetes-de-rostit.jpg\" class=\"attachment-full size-full\" alt=\"Croquetas de rustido de 16 unidades\" \/><\/a>\n\t<div class=\"jet-woo-product-img-overlay\"><\/div>\n\n\t\n\t<\/div>\n\t<div class=\"hovered-content\">\n\t\t\t<\/div>\n<\/div>\n\n<h1 class=\"jet-woo-product-title\"><a href=\"https:\/\/assumptafontseca.cat\/es\/recetas\/croquetas\/croquetas-de-rustido\/\">Croquetas de rustido<\/a><\/h1>\n<div class=\"jet-woo-product-excerpt\">\n\t16 unidades<\/div>\n<div class=\"jet-woo-products-cqw-wrapper\">\n\t<\/div>\t<\/div>\n\n\t\t\t<a href=\"https:\/\/assumptafontseca.cat\/es\/recetas\/croquetas\/croquetas-de-rustido\/\" class=\"jet-woo-item-overlay-link\"  ><\/a>\n\t<\/div><\/div>\n  <div class=\"prev-arrow jet-swiper-button-prev jet-arrow\"><i aria-hidden=\"true\" class=\"fas fa-chevron-left\"><\/i><\/div> <div class=\"next-arrow jet-swiper-button-next jet-arrow\"><i aria-hidden=\"true\" class=\"fas fa-chevron-right\"><\/i><\/div> <\/div><\/div>\t\t\t\t<\/div>\n\t\t\t\t<\/div>\n\t\t\t\t\t<\/div>\n\t\t<\/div>\n\t\t\t\t\t<\/div>\n\t\t<\/section>\n\t\t\t\t<section class=\"elementor-section elementor-top-section elementor-element elementor-element-49db778 elementor-section-full_width elementor-section-height-default elementor-section-height-default\" data-id=\"49db778\" data-element_type=\"section\">\n\t\t\t\t\t\t<div class=\"elementor-container elementor-column-gap-default\">\n\t\t\t\t\t<div class=\"elementor-column elementor-col-100 elementor-top-column elementor-element elementor-element-00c76b3\" data-id=\"00c76b3\" data-element_type=\"column\">\n\t\t\t<div class=\"elementor-widget-wrap elementor-element-populated\">\n\t\t\t\t\t\t<div class=\"elementor-element elementor-element-85e0319 elementor-absolute elementor-widget elementor-widget-menu-anchor\" data-id=\"85e0319\" data-element_type=\"widget\" data-settings=\"{&quot;_position&quot;:&quot;absolute&quot;}\" data-widget_type=\"menu-anchor.default\">\n\t\t\t\t<div class=\"elementor-widget-container\">\n\t\t\t\t\t\t\t<div class=\"elementor-menu-anchor\" id=\"menu7\"><\/div>\n\t\t\t\t\t\t<\/div>\n\t\t\t\t<\/div>\n\t\t\t\t<section class=\"elementor-section elementor-inner-section elementor-element elementor-element-8de1361 elementor-section-full_width elementor-section-content-bottom elementor-section-height-default elementor-section-height-default\" data-id=\"8de1361\" data-element_type=\"section\">\n\t\t\t\t\t\t<div class=\"elementor-container elementor-column-gap-no\">\n\t\t\t\t\t<div class=\"elementor-column elementor-col-50 elementor-inner-column elementor-element elementor-element-1f9de82\" data-id=\"1f9de82\" data-element_type=\"column\">\n\t\t\t<div class=\"elementor-widget-wrap elementor-element-populated\">\n\t\t\t\t\t\t<div class=\"elementor-element elementor-element-b24c2e4 elementor-widget elementor-widget-heading\" data-id=\"b24c2e4\" data-element_type=\"widget\" data-widget_type=\"heading.default\">\n\t\t\t\t<div class=\"elementor-widget-container\">\n\t\t\t\t\t<h1 class=\"elementor-heading-title elementor-size-default\">CREMAS Y SOPAS<\/h1>\t\t\t\t<\/div>\n\t\t\t\t<\/div>\n\t\t\t\t\t<\/div>\n\t\t<\/div>\n\t\t\t\t<div class=\"elementor-column elementor-col-50 elementor-inner-column elementor-element elementor-element-1dcf2d6\" data-id=\"1dcf2d6\" data-element_type=\"column\">\n\t\t\t<div class=\"elementor-widget-wrap elementor-element-populated\">\n\t\t\t\t\t\t<div class=\"elementor-element elementor-element-9c570c6 elementor-align-right elementor-widget elementor-widget-button\" data-id=\"9c570c6\" data-element_type=\"widget\" data-widget_type=\"button.default\">\n\t\t\t\t<div class=\"elementor-widget-container\">\n\t\t\t\t\t\t\t\t\t<div class=\"elementor-button-wrapper\">\n\t\t\t\t\t<a class=\"elementor-button elementor-button-link elementor-size-sm\" href=\"https:\/\/assumptafontseca.cat\/es\/platos-cocinados\/cremas-y-sopas\/\">\n\t\t\t\t\t\t<span class=\"elementor-button-content-wrapper\">\n\t\t\t\t\t\t\t\t\t<span class=\"elementor-button-text\">verlos todos<\/span>\n\t\t\t\t\t<\/span>\n\t\t\t\t\t<\/a>\n\t\t\t\t<\/div>\n\t\t\t\t\t\t\t\t<\/div>\n\t\t\t\t<\/div>\n\t\t\t\t\t<\/div>\n\t\t<\/div>\n\t\t\t\t\t<\/div>\n\t\t<\/section>\n\t\t\t\t<div class=\"elementor-element elementor-element-82ac9e0 elementor-widget-divider--view-line elementor-widget elementor-widget-divider\" data-id=\"82ac9e0\" data-element_type=\"widget\" data-widget_type=\"divider.default\">\n\t\t\t\t<div class=\"elementor-widget-container\">\n\t\t\t\t\t\t\t<div class=\"elementor-divider\">\n\t\t\t<span class=\"elementor-divider-separator\">\n\t\t\t\t\t\t<\/span>\n\t\t<\/div>\n\t\t\t\t\t\t<\/div>\n\t\t\t\t<\/div>\n\t\t\t\t<div class=\"elementor-element elementor-element-41aba6b elementor-widget elementor-widget-jet-woo-products\" data-id=\"41aba6b\" data-element_type=\"widget\" data-settings=\"{&quot;columns&quot;:&quot;4&quot;,&quot;columns_tablet&quot;:&quot;3&quot;,&quot;columns_mobile&quot;:&quot;1&quot;,&quot;slides_to_scroll_tablet&quot;:&quot;1&quot;,&quot;slides_to_scroll&quot;:&quot;1&quot;,&quot;space_between_slides&quot;:10}\" data-widget_type=\"jet-woo-products.default\">\n\t\t\t\t<div class=\"elementor-widget-container\">\n\t\t\t\t\t<div class=\"elementor-jet-woo-products jet-woo-builder\"><div class=\"jet-woo-carousel horizontal swiper\" data-slider_options=\"{&quot;direction&quot;:&quot;horizontal&quot;,&quot;slidesPerGroup&quot;:1,&quot;simulateTouch&quot;:false,&quot;loop&quot;:true,&quot;freeMode&quot;:false,&quot;centeredSlides&quot;:false,&quot;speed&quot;:500,&quot;paginationEnable&quot;:false,&quot;navigationEnable&quot;:true}\" dir=\"ltr\"> <div class=\"jet-woo-products jet-woo-products--preset-2 swiper-wrapper  jet-equal-cols\" data-mobile-hover=\"1\" >\n<div class=\"jet-woo-products__item jet-woo-builder-product swiper-slide\" data-product-id=\"1777\">\n\t<div class=\"jet-woo-products__inner-box jet-woo-item-overlay-wrap\" data-url=\"https:\/\/assumptafontseca.cat\/es\/recetas\/cremas-y-sopas\/caldo-casero\/\" >\n\t\t\n<div class=\"jet-woo-products__thumb-wrap\">\n\t\n<div class=\"jet-woo-product-thumbnail\">\n\t\n\t<a href=\"https:\/\/assumptafontseca.cat\/es\/recetas\/cremas-y-sopas\/caldo-casero\/\"><img loading=\"lazy\" decoding=\"async\" width=\"1000\" height=\"1000\" src=\"https:\/\/assumptafontseca.cat\/wp-content\/uploads\/2022\/02\/brou-casola.jpg\" class=\"attachment-full size-full\" alt=\"Botella de caldo casero\" \/><\/a>\n\t<div class=\"jet-woo-product-img-overlay\"><\/div>\n\n\t\n\t<\/div>\n\t<div class=\"hovered-content\">\n\t\t\t<\/div>\n<\/div>\n\n<h1 class=\"jet-woo-product-title\"><a href=\"https:\/\/assumptafontseca.cat\/es\/recetas\/cremas-y-sopas\/caldo-casero\/\">Caldo<\/a><\/h1>\n<div class=\"jet-woo-product-excerpt\">\n\t750 ml<\/div>\n<div class=\"jet-woo-products-cqw-wrapper\">\n\t<\/div>\t<\/div>\n\n\t\t\t<a href=\"https:\/\/assumptafontseca.cat\/es\/recetas\/cremas-y-sopas\/caldo-casero\/\" class=\"jet-woo-item-overlay-link\"  ><\/a>\n\t<\/div>\n<div class=\"jet-woo-products__item jet-woo-builder-product swiper-slide\" data-product-id=\"1782\">\n\t<div class=\"jet-woo-products__inner-box jet-woo-item-overlay-wrap\" data-url=\"https:\/\/assumptafontseca.cat\/es\/recetas\/cremas-y-sopas\/crema-de-calabacin-y-zanahoria\/\" >\n\t\t\n<div class=\"jet-woo-products__thumb-wrap\">\n\t\n<div class=\"jet-woo-product-thumbnail\">\n\t\n\t<a href=\"https:\/\/assumptafontseca.cat\/es\/recetas\/cremas-y-sopas\/crema-de-calabacin-y-zanahoria\/\"><img loading=\"lazy\" decoding=\"async\" width=\"1000\" height=\"1000\" src=\"https:\/\/assumptafontseca.cat\/wp-content\/uploads\/2022\/02\/crema-de-carbasso-i-pastanaga.jpg\" class=\"attachment-full size-full\" alt=\"Botella de crema de calabac\u00edn y zanahoria\" \/><\/a>\n\t<div class=\"jet-woo-product-img-overlay\"><\/div>\n\n\t\n\t<\/div>\n\t<div class=\"hovered-content\">\n\t\t\t<\/div>\n<\/div>\n\n<h1 class=\"jet-woo-product-title\"><a href=\"https:\/\/assumptafontseca.cat\/es\/recetas\/cremas-y-sopas\/crema-de-calabacin-y-zanahoria\/\">Crema de calabac\u00edn y zanahoria<\/a><\/h1>\n<div class=\"jet-woo-product-excerpt\">\n\t750 ml<\/div>\n<div class=\"jet-woo-products-cqw-wrapper\">\n\t<\/div>\t<\/div>\n\n\t\t\t<a href=\"https:\/\/assumptafontseca.cat\/es\/recetas\/cremas-y-sopas\/crema-de-calabacin-y-zanahoria\/\" class=\"jet-woo-item-overlay-link\"  ><\/a>\n\t<\/div>\n<div class=\"jet-woo-products__item jet-woo-builder-product swiper-slide\" data-product-id=\"1758\">\n\t<div class=\"jet-woo-products__inner-box jet-woo-item-overlay-wrap\" data-url=\"https:\/\/assumptafontseca.cat\/es\/recetas\/cremas-y-sopas\/crema-de-champinones\/\" >\n\t\t\n<div class=\"jet-woo-products__thumb-wrap\">\n\t\n<div class=\"jet-woo-product-thumbnail\">\n\t\n\t<a href=\"https:\/\/assumptafontseca.cat\/es\/recetas\/cremas-y-sopas\/crema-de-champinones\/\"><img loading=\"lazy\" decoding=\"async\" width=\"1000\" height=\"1000\" src=\"https:\/\/assumptafontseca.cat\/wp-content\/uploads\/2022\/02\/crema-de-xampinyons.jpg\" class=\"attachment-full size-full\" alt=\"Botella de crema de champi\u00f1ones\" \/><\/a>\n\t<div class=\"jet-woo-product-img-overlay\"><\/div>\n\n\t\n\t<\/div>\n\t<div class=\"hovered-content\">\n\t\t\t<\/div>\n<\/div>\n\n<h1 class=\"jet-woo-product-title\"><a href=\"https:\/\/assumptafontseca.cat\/es\/recetas\/cremas-y-sopas\/crema-de-champinones\/\">Crema de champi\u00f1ones<\/a><\/h1>\n<div class=\"jet-woo-product-excerpt\">\n\t750 ml<\/div>\n<div class=\"jet-woo-products-cqw-wrapper\">\n\t<\/div>\t<\/div>\n\n\t\t\t<a href=\"https:\/\/assumptafontseca.cat\/es\/recetas\/cremas-y-sopas\/crema-de-champinones\/\" class=\"jet-woo-item-overlay-link\"  ><\/a>\n\t<\/div>\n<div class=\"jet-woo-products__item jet-woo-builder-product swiper-slide\" data-product-id=\"1754\">\n\t<div class=\"jet-woo-products__inner-box jet-woo-item-overlay-wrap\" data-url=\"https:\/\/assumptafontseca.cat\/es\/recetas\/cremas-y-sopas\/crema-de-marisco\/\" >\n\t\t\n<div class=\"jet-woo-products__thumb-wrap\">\n\t\n<div class=\"jet-woo-product-thumbnail\">\n\t\n\t<a href=\"https:\/\/assumptafontseca.cat\/es\/recetas\/cremas-y-sopas\/crema-de-marisco\/\"><img loading=\"lazy\" decoding=\"async\" width=\"1000\" height=\"1000\" src=\"https:\/\/assumptafontseca.cat\/wp-content\/uploads\/2022\/02\/crema-de-marisc.jpg\" class=\"attachment-full size-full\" alt=\"Botella de crema de marisco\" \/><\/a>\n\t<div class=\"jet-woo-product-img-overlay\"><\/div>\n\n\t\n\t<\/div>\n\t<div class=\"hovered-content\">\n\t\t\t<\/div>\n<\/div>\n\n<h1 class=\"jet-woo-product-title\"><a href=\"https:\/\/assumptafontseca.cat\/es\/recetas\/cremas-y-sopas\/crema-de-marisco\/\">Crema de marisco<\/a><\/h1>\n<div class=\"jet-woo-product-excerpt\">\n\t750 ml<\/div>\n<div class=\"jet-woo-products-cqw-wrapper\">\n\t<\/div>\t<\/div>\n\n\t\t\t<a href=\"https:\/\/assumptafontseca.cat\/es\/recetas\/cremas-y-sopas\/crema-de-marisco\/\" class=\"jet-woo-item-overlay-link\"  ><\/a>\n\t<\/div>\n<div class=\"jet-woo-products__item jet-woo-builder-product swiper-slide\" data-product-id=\"1757\">\n\t<div class=\"jet-woo-products__inner-box jet-woo-item-overlay-wrap\" data-url=\"https:\/\/assumptafontseca.cat\/es\/recetas\/cremas-y-sopas\/crema-de-verduras\/\" >\n\t\t\n<div class=\"jet-woo-products__thumb-wrap\">\n\t\n<div class=\"jet-woo-product-thumbnail\">\n\t\n\t<a href=\"https:\/\/assumptafontseca.cat\/es\/recetas\/cremas-y-sopas\/crema-de-verduras\/\"><img loading=\"lazy\" decoding=\"async\" width=\"1000\" height=\"1000\" src=\"https:\/\/assumptafontseca.cat\/wp-content\/uploads\/2022\/02\/crema-de-verdures.jpg\" class=\"attachment-full size-full\" alt=\"Botella de crema de verduras\" \/><\/a>\n\t<div class=\"jet-woo-product-img-overlay\"><\/div>\n\n\t\n\t<\/div>\n\t<div class=\"hovered-content\">\n\t\t\t<\/div>\n<\/div>\n\n<h1 class=\"jet-woo-product-title\"><a href=\"https:\/\/assumptafontseca.cat\/es\/recetas\/cremas-y-sopas\/crema-de-verduras\/\">Crema de verduras<\/a><\/h1>\n<div class=\"jet-woo-product-excerpt\">\n\t750 ml<\/div>\n<div class=\"jet-woo-products-cqw-wrapper\">\n\t<\/div>\t<\/div>\n\n\t\t\t<a href=\"https:\/\/assumptafontseca.cat\/es\/recetas\/cremas-y-sopas\/crema-de-verduras\/\" class=\"jet-woo-item-overlay-link\"  ><\/a>\n\t<\/div>\n<div class=\"jet-woo-products__item jet-woo-builder-product swiper-slide\" data-product-id=\"1756\">\n\t<div class=\"jet-woo-products__inner-box jet-woo-item-overlay-wrap\" data-url=\"https:\/\/assumptafontseca.cat\/es\/recetas\/cremas-y-sopas\/vichyssoise\/\" >\n\t\t\n<div class=\"jet-woo-products__thumb-wrap\">\n\t\n<div class=\"jet-woo-product-thumbnail\">\n\t\n\t<a href=\"https:\/\/assumptafontseca.cat\/es\/recetas\/cremas-y-sopas\/vichyssoise\/\"><img loading=\"lazy\" decoding=\"async\" width=\"1000\" height=\"1000\" src=\"https:\/\/assumptafontseca.cat\/wp-content\/uploads\/2022\/02\/vichyssoise.jpg\" class=\"attachment-full size-full\" alt=\"Botella de vichyssoise\" \/><\/a>\n\t<div class=\"jet-woo-product-img-overlay\"><\/div>\n\n\t\n\t<\/div>\n\t<div class=\"hovered-content\">\n\t\t\t<\/div>\n<\/div>\n\n<h1 class=\"jet-woo-product-title\"><a href=\"https:\/\/assumptafontseca.cat\/es\/recetas\/cremas-y-sopas\/vichyssoise\/\">Vichyssoise<\/a><\/h1>\n<div class=\"jet-woo-product-excerpt\">\n\t750 ml<\/div>\n<div class=\"jet-woo-products-cqw-wrapper\">\n\t<\/div>\t<\/div>\n\n\t\t\t<a href=\"https:\/\/assumptafontseca.cat\/es\/recetas\/cremas-y-sopas\/vichyssoise\/\" class=\"jet-woo-item-overlay-link\"  ><\/a>\n\t<\/div><\/div>\n  <div class=\"prev-arrow jet-swiper-button-prev jet-arrow\"><i aria-hidden=\"true\" class=\"fas fa-chevron-left\"><\/i><\/div> <div class=\"next-arrow jet-swiper-button-next jet-arrow\"><i aria-hidden=\"true\" class=\"fas fa-chevron-right\"><\/i><\/div> <\/div><\/div>\t\t\t\t<\/div>\n\t\t\t\t<\/div>\n\t\t\t\t\t<\/div>\n\t\t<\/div>\n\t\t\t\t\t<\/div>\n\t\t<\/section>\n\t\t\t\t<section class=\"elementor-section elementor-top-section elementor-element elementor-element-37129a3 elementor-section-full_width elementor-section-height-default elementor-section-height-default\" data-id=\"37129a3\" data-element_type=\"section\">\n\t\t\t\t\t\t<div class=\"elementor-container elementor-column-gap-default\">\n\t\t\t\t\t<div class=\"elementor-column elementor-col-100 elementor-top-column elementor-element elementor-element-6ad7106\" data-id=\"6ad7106\" data-element_type=\"column\">\n\t\t\t<div class=\"elementor-widget-wrap elementor-element-populated\">\n\t\t\t\t\t\t<div class=\"elementor-element elementor-element-102fa09 elementor-absolute elementor-widget elementor-widget-menu-anchor\" data-id=\"102fa09\" data-element_type=\"widget\" data-settings=\"{&quot;_position&quot;:&quot;absolute&quot;}\" data-widget_type=\"menu-anchor.default\">\n\t\t\t\t<div class=\"elementor-widget-container\">\n\t\t\t\t\t\t\t<div class=\"elementor-menu-anchor\" id=\"menu8\"><\/div>\n\t\t\t\t\t\t<\/div>\n\t\t\t\t<\/div>\n\t\t\t\t<section class=\"elementor-section elementor-inner-section elementor-element elementor-element-ed90992 elementor-section-full_width elementor-section-content-bottom elementor-section-height-default elementor-section-height-default\" data-id=\"ed90992\" data-element_type=\"section\">\n\t\t\t\t\t\t<div class=\"elementor-container elementor-column-gap-no\">\n\t\t\t\t\t<div class=\"elementor-column elementor-col-50 elementor-inner-column elementor-element elementor-element-b6f8d09\" data-id=\"b6f8d09\" data-element_type=\"column\">\n\t\t\t<div class=\"elementor-widget-wrap elementor-element-populated\">\n\t\t\t\t\t\t<div class=\"elementor-element elementor-element-c8b0f52 elementor-widget elementor-widget-heading\" data-id=\"c8b0f52\" data-element_type=\"widget\" data-widget_type=\"heading.default\">\n\t\t\t\t<div class=\"elementor-widget-container\">\n\t\t\t\t\t<h1 class=\"elementor-heading-title elementor-size-default\">PARA ACOMPA\u00d1AR<\/h1>\t\t\t\t<\/div>\n\t\t\t\t<\/div>\n\t\t\t\t\t<\/div>\n\t\t<\/div>\n\t\t\t\t<div class=\"elementor-column elementor-col-50 elementor-inner-column elementor-element elementor-element-fcc7ab0\" data-id=\"fcc7ab0\" data-element_type=\"column\">\n\t\t\t<div class=\"elementor-widget-wrap elementor-element-populated\">\n\t\t\t\t\t\t<div class=\"elementor-element elementor-element-02be586 elementor-align-right elementor-widget elementor-widget-button\" data-id=\"02be586\" data-element_type=\"widget\" data-widget_type=\"button.default\">\n\t\t\t\t<div class=\"elementor-widget-container\">\n\t\t\t\t\t\t\t\t\t<div class=\"elementor-button-wrapper\">\n\t\t\t\t\t<a class=\"elementor-button elementor-button-link elementor-size-sm\" href=\"https:\/\/assumptafontseca.cat\/es\/plats-cuinats\/per-acompanyar\/\">\n\t\t\t\t\t\t<span class=\"elementor-button-content-wrapper\">\n\t\t\t\t\t\t\t\t\t<span class=\"elementor-button-text\">verlos todos<\/span>\n\t\t\t\t\t<\/span>\n\t\t\t\t\t<\/a>\n\t\t\t\t<\/div>\n\t\t\t\t\t\t\t\t<\/div>\n\t\t\t\t<\/div>\n\t\t\t\t\t<\/div>\n\t\t<\/div>\n\t\t\t\t\t<\/div>\n\t\t<\/section>\n\t\t\t\t<div class=\"elementor-element elementor-element-3a99ff8 elementor-widget-divider--view-line elementor-widget elementor-widget-divider\" data-id=\"3a99ff8\" data-element_type=\"widget\" data-widget_type=\"divider.default\">\n\t\t\t\t<div class=\"elementor-widget-container\">\n\t\t\t\t\t\t\t<div class=\"elementor-divider\">\n\t\t\t<span class=\"elementor-divider-separator\">\n\t\t\t\t\t\t<\/span>\n\t\t<\/div>\n\t\t\t\t\t\t<\/div>\n\t\t\t\t<\/div>\n\t\t\t\t<div class=\"elementor-element elementor-element-d24155d elementor-widget elementor-widget-jet-woo-products\" data-id=\"d24155d\" data-element_type=\"widget\" data-settings=\"{&quot;columns&quot;:&quot;4&quot;,&quot;columns_tablet&quot;:&quot;3&quot;,&quot;columns_mobile&quot;:&quot;1&quot;,&quot;slides_to_scroll_tablet&quot;:&quot;1&quot;,&quot;slides_to_scroll&quot;:&quot;1&quot;,&quot;space_between_slides&quot;:10}\" data-widget_type=\"jet-woo-products.default\">\n\t\t\t\t<div class=\"elementor-widget-container\">\n\t\t\t\t\t<div class=\"elementor-jet-woo-products jet-woo-builder\"><div class=\"jet-woo-carousel horizontal swiper\" data-slider_options=\"{&quot;direction&quot;:&quot;horizontal&quot;,&quot;slidesPerGroup&quot;:1,&quot;simulateTouch&quot;:false,&quot;loop&quot;:true,&quot;freeMode&quot;:false,&quot;centeredSlides&quot;:false,&quot;speed&quot;:500,&quot;paginationEnable&quot;:false,&quot;navigationEnable&quot;:true}\" dir=\"ltr\"> <div class=\"jet-woo-products jet-woo-products--preset-2 swiper-wrapper  jet-equal-cols\" data-mobile-hover=\"1\" >\n<div class=\"jet-woo-products__item jet-woo-builder-product swiper-slide\" data-product-id=\"1783\">\n\t<div class=\"jet-woo-products__inner-box jet-woo-item-overlay-wrap\" data-url=\"https:\/\/assumptafontseca.cat\/es\/recetas\/para-acompanar\/all-i-oli-100g\/\" >\n\t\t\n<div class=\"jet-woo-products__thumb-wrap\">\n\t\n<div class=\"jet-woo-product-thumbnail\">\n\t\n\t<a href=\"https:\/\/assumptafontseca.cat\/es\/recetas\/para-acompanar\/all-i-oli-100g\/\"><img loading=\"lazy\" decoding=\"async\" width=\"1000\" height=\"1000\" src=\"https:\/\/assumptafontseca.cat\/wp-content\/uploads\/2022\/02\/all-i-oli-petit.jpg\" class=\"attachment-full size-full\" alt=\"All i oli 100gr Assumpta Fontseca\" \/><\/a>\n\t<div class=\"jet-woo-product-img-overlay\"><\/div>\n\n\t\n\t<\/div>\n\t<div class=\"hovered-content\">\n\t\t\t<\/div>\n<\/div>\n\n<h1 class=\"jet-woo-product-title\"><a href=\"https:\/\/assumptafontseca.cat\/es\/recetas\/para-acompanar\/all-i-oli-100g\/\">All i oli<\/a><\/h1>\n<div class=\"jet-woo-product-excerpt\">\n\t100 gr.<\/div>\n<div class=\"jet-woo-products-cqw-wrapper\">\n\t<\/div>\t<\/div>\n\n\t\t\t<a href=\"https:\/\/assumptafontseca.cat\/es\/recetas\/para-acompanar\/all-i-oli-100g\/\" class=\"jet-woo-item-overlay-link\"  ><\/a>\n\t<\/div>\n<div class=\"jet-woo-products__item jet-woo-builder-product swiper-slide\" data-product-id=\"1784\">\n\t<div class=\"jet-woo-products__inner-box jet-woo-item-overlay-wrap\" data-url=\"https:\/\/assumptafontseca.cat\/es\/recetas\/para-acompanar\/all-i-oli-2500gr\/\" >\n\t\t\n<div class=\"jet-woo-products__thumb-wrap\">\n\t\n<div class=\"jet-woo-product-thumbnail\">\n\t\n\t<a href=\"https:\/\/assumptafontseca.cat\/es\/recetas\/para-acompanar\/all-i-oli-2500gr\/\"><img loading=\"lazy\" decoding=\"async\" width=\"1000\" height=\"1000\" src=\"https:\/\/assumptafontseca.cat\/wp-content\/uploads\/2022\/02\/all-i-oli.jpg\" class=\"attachment-full size-full\" alt=\"All i oli de 250 gramos de Assumpta Fontseca\" \/><\/a>\n\t<div class=\"jet-woo-product-img-overlay\"><\/div>\n\n\t\n\t<\/div>\n\t<div class=\"hovered-content\">\n\t\t\t<\/div>\n<\/div>\n\n<h1 class=\"jet-woo-product-title\"><a href=\"https:\/\/assumptafontseca.cat\/es\/recetas\/para-acompanar\/all-i-oli-2500gr\/\">All i oli<\/a><\/h1>\n<div class=\"jet-woo-product-excerpt\">\n\t250 gr.<\/div>\n<div class=\"jet-woo-products-cqw-wrapper\">\n\t<\/div>\t<\/div>\n\n\t\t\t<a href=\"https:\/\/assumptafontseca.cat\/es\/recetas\/para-acompanar\/all-i-oli-2500gr\/\" class=\"jet-woo-item-overlay-link\"  ><\/a>\n\t<\/div>\n<div class=\"jet-woo-products__item jet-woo-builder-product swiper-slide\" data-product-id=\"1773\">\n\t<div class=\"jet-woo-products__inner-box jet-woo-item-overlay-wrap\" data-url=\"https:\/\/assumptafontseca.cat\/es\/recetas\/para-acompanar\/hummus\/\" >\n\t\t\n<div class=\"jet-woo-products__thumb-wrap\">\n\t\n<div class=\"jet-woo-product-thumbnail\">\n\t\n\t<a href=\"https:\/\/assumptafontseca.cat\/es\/recetas\/para-acompanar\/hummus\/\"><img loading=\"lazy\" decoding=\"async\" width=\"1000\" height=\"1000\" src=\"https:\/\/assumptafontseca.cat\/wp-content\/uploads\/2022\/02\/hummus.jpg\" class=\"attachment-full size-full\" alt=\"hummus\" \/><\/a>\n\t<div class=\"jet-woo-product-img-overlay\"><\/div>\n\n\t\n\t<\/div>\n\t<div class=\"hovered-content\">\n\t\t\t<\/div>\n<\/div>\n\n<h1 class=\"jet-woo-product-title\"><a href=\"https:\/\/assumptafontseca.cat\/es\/recetas\/para-acompanar\/hummus\/\">Hummus<\/a><\/h1>\n<div class=\"jet-woo-product-excerpt\">\n\t160 gr.<\/div>\n<div class=\"jet-woo-products-cqw-wrapper\">\n\t<\/div>\t<\/div>\n\n\t\t\t<a href=\"https:\/\/assumptafontseca.cat\/es\/recetas\/para-acompanar\/hummus\/\" class=\"jet-woo-item-overlay-link\"  ><\/a>\n\t<\/div><\/div>\n  <div class=\"prev-arrow jet-swiper-button-prev jet-arrow\"><i aria-hidden=\"true\" class=\"fas fa-chevron-left\"><\/i><\/div> <div class=\"next-arrow jet-swiper-button-next jet-arrow\"><i aria-hidden=\"true\" class=\"fas fa-chevron-right\"><\/i><\/div> <\/div><\/div>\t\t\t\t<\/div>\n\t\t\t\t<\/div>\n\t\t\t\t\t<\/div>\n\t\t<\/div>\n\t\t\t\t\t<\/div>\n\t\t<\/section>\n\t\t\t\t<section class=\"elementor-section elementor-top-section elementor-element elementor-element-ef68ff9 elementor-section-full_width elementor-section-height-default elementor-section-height-default\" data-id=\"ef68ff9\" data-element_type=\"section\">\n\t\t\t\t\t\t<div class=\"elementor-container elementor-column-gap-default\">\n\t\t\t\t\t<div class=\"elementor-column elementor-col-100 elementor-top-column elementor-element elementor-element-d99c038\" data-id=\"d99c038\" data-element_type=\"column\">\n\t\t\t<div class=\"elementor-widget-wrap elementor-element-populated\">\n\t\t\t\t\t\t<div class=\"elementor-element elementor-element-b268390 elementor-absolute elementor-widget elementor-widget-menu-anchor\" data-id=\"b268390\" data-element_type=\"widget\" data-settings=\"{&quot;_position&quot;:&quot;absolute&quot;}\" data-widget_type=\"menu-anchor.default\">\n\t\t\t\t<div class=\"elementor-widget-container\">\n\t\t\t\t\t\t\t<div class=\"elementor-menu-anchor\" id=\"menu9\"><\/div>\n\t\t\t\t\t\t<\/div>\n\t\t\t\t<\/div>\n\t\t\t\t<section class=\"elementor-section elementor-inner-section elementor-element elementor-element-e661991 elementor-section-full_width elementor-section-content-bottom elementor-section-height-default elementor-section-height-default\" data-id=\"e661991\" data-element_type=\"section\">\n\t\t\t\t\t\t<div class=\"elementor-container elementor-column-gap-no\">\n\t\t\t\t\t<div class=\"elementor-column elementor-col-50 elementor-inner-column elementor-element elementor-element-3758bac\" data-id=\"3758bac\" data-element_type=\"column\">\n\t\t\t<div class=\"elementor-widget-wrap elementor-element-populated\">\n\t\t\t\t\t\t<div class=\"elementor-element elementor-element-1573e98 elementor-widget elementor-widget-heading\" data-id=\"1573e98\" data-element_type=\"widget\" data-widget_type=\"heading.default\">\n\t\t\t\t<div class=\"elementor-widget-container\">\n\t\t\t\t\t<h1 class=\"elementor-heading-title elementor-size-default\">SABORES DEL MUNDO<\/h1>\t\t\t\t<\/div>\n\t\t\t\t<\/div>\n\t\t\t\t\t<\/div>\n\t\t<\/div>\n\t\t\t\t<div class=\"elementor-column elementor-col-50 elementor-inner-column elementor-element elementor-element-5a587af\" data-id=\"5a587af\" data-element_type=\"column\">\n\t\t\t<div class=\"elementor-widget-wrap elementor-element-populated\">\n\t\t\t\t\t\t<div class=\"elementor-element elementor-element-cf711f0 elementor-align-right elementor-widget elementor-widget-button\" data-id=\"cf711f0\" data-element_type=\"widget\" data-widget_type=\"button.default\">\n\t\t\t\t<div class=\"elementor-widget-container\">\n\t\t\t\t\t\t\t\t\t<div class=\"elementor-button-wrapper\">\n\t\t\t\t\t<a class=\"elementor-button elementor-button-link elementor-size-sm\" href=\"https:\/\/assumptafontseca.cat\/es\/platos-cocinados\/sabores-del-mundo\/\">\n\t\t\t\t\t\t<span class=\"elementor-button-content-wrapper\">\n\t\t\t\t\t\t\t\t\t<span class=\"elementor-button-text\">verlos todos<\/span>\n\t\t\t\t\t<\/span>\n\t\t\t\t\t<\/a>\n\t\t\t\t<\/div>\n\t\t\t\t\t\t\t\t<\/div>\n\t\t\t\t<\/div>\n\t\t\t\t\t<\/div>\n\t\t<\/div>\n\t\t\t\t\t<\/div>\n\t\t<\/section>\n\t\t\t\t<div class=\"elementor-element elementor-element-87640a2 elementor-widget-divider--view-line elementor-widget elementor-widget-divider\" data-id=\"87640a2\" data-element_type=\"widget\" data-widget_type=\"divider.default\">\n\t\t\t\t<div class=\"elementor-widget-container\">\n\t\t\t\t\t\t\t<div class=\"elementor-divider\">\n\t\t\t<span class=\"elementor-divider-separator\">\n\t\t\t\t\t\t<\/span>\n\t\t<\/div>\n\t\t\t\t\t\t<\/div>\n\t\t\t\t<\/div>\n\t\t\t\t<div class=\"elementor-element elementor-element-c43cbd1 elementor-widget elementor-widget-jet-woo-products\" data-id=\"c43cbd1\" data-element_type=\"widget\" data-settings=\"{&quot;columns&quot;:&quot;4&quot;,&quot;columns_tablet&quot;:&quot;3&quot;,&quot;columns_mobile&quot;:&quot;1&quot;,&quot;slides_to_scroll_tablet&quot;:&quot;1&quot;,&quot;slides_to_scroll&quot;:&quot;1&quot;,&quot;space_between_slides&quot;:10}\" data-widget_type=\"jet-woo-products.default\">\n\t\t\t\t<div class=\"elementor-widget-container\">\n\t\t\t\t\t<div class=\"elementor-jet-woo-products jet-woo-builder\"><div class=\"jet-woo-carousel horizontal swiper\" data-slider_options=\"{&quot;direction&quot;:&quot;horizontal&quot;,&quot;slidesPerGroup&quot;:1,&quot;simulateTouch&quot;:true,&quot;loop&quot;:true,&quot;freeMode&quot;:false,&quot;centeredSlides&quot;:false,&quot;speed&quot;:500,&quot;paginationEnable&quot;:false,&quot;navigationEnable&quot;:true}\" dir=\"ltr\"> <div class=\"jet-woo-products jet-woo-products--preset-1 swiper-wrapper  jet-equal-cols\" data-mobile-hover=\"1\" >\n<div class=\"jet-woo-products__item jet-woo-builder-product swiper-slide\" data-product-id=\"1775\">\n\t<div class=\"jet-woo-products__inner-box jet-woo-item-overlay-wrap\" data-url=\"https:\/\/assumptafontseca.cat\/es\/recetas\/sabores-del-mundo\/arroz-al-curry\/\" >\n\t\t\n<div class=\"jet-woo-product-thumbnail\">\n\t\n\t<a href=\"https:\/\/assumptafontseca.cat\/es\/recetas\/sabores-del-mundo\/arroz-al-curry\/\"><img loading=\"lazy\" decoding=\"async\" width=\"1000\" height=\"1000\" src=\"https:\/\/assumptafontseca.cat\/wp-content\/uploads\/2022\/01\/arros-amb-curry.jpg\" class=\"attachment-full size-full\" alt=\"Bandeja de arroz al curry para una persona\" \/><\/a>\n\t<div class=\"jet-woo-product-img-overlay\"><\/div>\n\n\t\n\t<\/div><h1 class=\"jet-woo-product-title\"><a href=\"https:\/\/assumptafontseca.cat\/es\/recetas\/sabores-del-mundo\/arroz-al-curry\/\">Arroz al curry<\/a><\/h1>\n<div class=\"jet-woo-product-excerpt\">\n\t1 raci\u00f3n \/ 300 gr<\/div>\n<div class=\"jet-woo-products-cqw-wrapper\">\n\t<\/div>\t<\/div>\n\n\t\t\t<a href=\"https:\/\/assumptafontseca.cat\/es\/recetas\/sabores-del-mundo\/arroz-al-curry\/\" class=\"jet-woo-item-overlay-link\"  ><\/a>\n\t<\/div>\n<div class=\"jet-woo-products__item jet-woo-builder-product swiper-slide\" data-product-id=\"1786\">\n\t<div class=\"jet-woo-products__inner-box jet-woo-item-overlay-wrap\" data-url=\"https:\/\/assumptafontseca.cat\/es\/recetas\/sabores-del-mundo\/fideos-estilo-japones-racion\/\" >\n\t\t\n<div class=\"jet-woo-product-thumbnail\">\n\t\n\t<a href=\"https:\/\/assumptafontseca.cat\/es\/recetas\/sabores-del-mundo\/fideos-estilo-japones-racion\/\"><img loading=\"lazy\" decoding=\"async\" width=\"1000\" height=\"1000\" src=\"https:\/\/assumptafontseca.cat\/wp-content\/uploads\/2022\/02\/fideus-estil-japones.jpg\" class=\"attachment-full size-full\" alt=\"Fideos estilo japon\u00e9s de una raci\u00f3n\" \/><\/a>\n\t<div class=\"jet-woo-product-img-overlay\"><\/div>\n\n\t\n\t<\/div><h1 class=\"jet-woo-product-title\"><a href=\"https:\/\/assumptafontseca.cat\/es\/recetas\/sabores-del-mundo\/fideos-estilo-japones-racion\/\">Fideos estilo japon\u00e9s<\/a><\/h1>\n<div class=\"jet-woo-product-excerpt\">\n\t1 raci\u00f3n \/ 300 gr.<\/div>\n<div class=\"jet-woo-products-cqw-wrapper\">\n\t<\/div>\t<\/div>\n\n\t\t\t<a href=\"https:\/\/assumptafontseca.cat\/es\/recetas\/sabores-del-mundo\/fideos-estilo-japones-racion\/\" class=\"jet-woo-item-overlay-link\"  ><\/a>\n\t<\/div>\n<div class=\"jet-woo-products__item jet-woo-builder-product swiper-slide\" data-product-id=\"1785\">\n\t<div class=\"jet-woo-products__inner-box jet-woo-item-overlay-wrap\" data-url=\"https:\/\/assumptafontseca.cat\/es\/recetas\/sabores-del-mundo\/fideos-estilo-japones\/\" >\n\t\t\n<div class=\"jet-woo-product-thumbnail\">\n\t\n\t<a href=\"https:\/\/assumptafontseca.cat\/es\/recetas\/sabores-del-mundo\/fideos-estilo-japones\/\"><img loading=\"lazy\" decoding=\"async\" width=\"1000\" height=\"1000\" src=\"https:\/\/assumptafontseca.cat\/wp-content\/uploads\/2022\/02\/fideus-estil-japones-2-racions.jpg\" class=\"attachment-full size-full\" alt=\"Fideos estilo japon\u00e9s de dos raciones\" \/><\/a>\n\t<div class=\"jet-woo-product-img-overlay\"><\/div>\n\n\t\n\t<\/div><h1 class=\"jet-woo-product-title\"><a href=\"https:\/\/assumptafontseca.cat\/es\/recetas\/sabores-del-mundo\/fideos-estilo-japones\/\">Fideos estilo japon\u00e9s<\/a><\/h1>\n<div class=\"jet-woo-product-excerpt\">\n\t2 raciones \/ 475 gr.<\/div>\n<div class=\"jet-woo-products-cqw-wrapper\">\n\t<\/div>\t<\/div>\n\n\t\t\t<a href=\"https:\/\/assumptafontseca.cat\/es\/recetas\/sabores-del-mundo\/fideos-estilo-japones\/\" class=\"jet-woo-item-overlay-link\"  ><\/a>\n\t<\/div><\/div>\n  <div class=\"prev-arrow jet-swiper-button-prev jet-arrow\"><i aria-hidden=\"true\" class=\"fas fa-chevron-left\"><\/i><\/div> <div class=\"next-arrow jet-swiper-button-next jet-arrow\"><i aria-hidden=\"true\" class=\"fas fa-chevron-right\"><\/i><\/div> <\/div><\/div>\t\t\t\t<\/div>\n\t\t\t\t<\/div>\n\t\t\t\t\t<\/div>\n\t\t<\/div>\n\t\t\t\t\t<\/div>\n\t\t<\/section>\n\t\t\t\t<section class=\"elementor-section elementor-top-section elementor-element elementor-element-7d85567 elementor-section-full_width elementor-section-height-default elementor-section-height-default\" data-id=\"7d85567\" data-element_type=\"section\">\n\t\t\t\t\t\t<div class=\"elementor-container elementor-column-gap-default\">\n\t\t\t\t\t<div class=\"elementor-column elementor-col-100 elementor-top-column elementor-element elementor-element-b491128\" data-id=\"b491128\" data-element_type=\"column\">\n\t\t\t<div class=\"elementor-widget-wrap elementor-element-populated\">\n\t\t\t\t\t\t<div class=\"elementor-element elementor-element-bda83ae elementor-absolute elementor-widget elementor-widget-menu-anchor\" data-id=\"bda83ae\" data-element_type=\"widget\" data-settings=\"{&quot;_position&quot;:&quot;absolute&quot;}\" data-widget_type=\"menu-anchor.default\">\n\t\t\t\t<div class=\"elementor-widget-container\">\n\t\t\t\t\t\t\t<div class=\"elementor-menu-anchor\" id=\"menu10\"><\/div>\n\t\t\t\t\t\t<\/div>\n\t\t\t\t<\/div>\n\t\t\t\t<section class=\"elementor-section elementor-inner-section elementor-element elementor-element-b6a25f7 elementor-section-full_width elementor-section-content-bottom elementor-section-height-default elementor-section-height-default\" data-id=\"b6a25f7\" data-element_type=\"section\">\n\t\t\t\t\t\t<div class=\"elementor-container elementor-column-gap-no\">\n\t\t\t\t\t<div class=\"elementor-column elementor-col-50 elementor-inner-column elementor-element elementor-element-b7c60d7\" data-id=\"b7c60d7\" data-element_type=\"column\">\n\t\t\t<div class=\"elementor-widget-wrap elementor-element-populated\">\n\t\t\t\t\t\t<div class=\"elementor-element elementor-element-c4f76b8 elementor-widget elementor-widget-heading\" data-id=\"c4f76b8\" data-element_type=\"widget\" data-widget_type=\"heading.default\">\n\t\t\t\t<div class=\"elementor-widget-container\">\n\t\t\t\t\t<h1 class=\"elementor-heading-title elementor-size-default\">... Y DE POSTRES<\/h1>\t\t\t\t<\/div>\n\t\t\t\t<\/div>\n\t\t\t\t\t<\/div>\n\t\t<\/div>\n\t\t\t\t<div class=\"elementor-column elementor-col-50 elementor-inner-column elementor-element elementor-element-2901b0b\" data-id=\"2901b0b\" data-element_type=\"column\">\n\t\t\t<div class=\"elementor-widget-wrap elementor-element-populated\">\n\t\t\t\t\t\t<div class=\"elementor-element elementor-element-b5323eb elementor-align-right elementor-widget elementor-widget-button\" data-id=\"b5323eb\" data-element_type=\"widget\" data-widget_type=\"button.default\">\n\t\t\t\t<div class=\"elementor-widget-container\">\n\t\t\t\t\t\t\t\t\t<div class=\"elementor-button-wrapper\">\n\t\t\t\t\t<a class=\"elementor-button elementor-button-link elementor-size-sm\" href=\"https:\/\/assumptafontseca.cat\/es\/platos-cocinados\/postres-es\/\">\n\t\t\t\t\t\t<span class=\"elementor-button-content-wrapper\">\n\t\t\t\t\t\t\t\t\t<span class=\"elementor-button-text\">verlos todos<\/span>\n\t\t\t\t\t<\/span>\n\t\t\t\t\t<\/a>\n\t\t\t\t<\/div>\n\t\t\t\t\t\t\t\t<\/div>\n\t\t\t\t<\/div>\n\t\t\t\t\t<\/div>\n\t\t<\/div>\n\t\t\t\t\t<\/div>\n\t\t<\/section>\n\t\t\t\t<div class=\"elementor-element elementor-element-0f4e372 elementor-widget-divider--view-line elementor-widget elementor-widget-divider\" data-id=\"0f4e372\" data-element_type=\"widget\" data-widget_type=\"divider.default\">\n\t\t\t\t<div class=\"elementor-widget-container\">\n\t\t\t\t\t\t\t<div class=\"elementor-divider\">\n\t\t\t<span class=\"elementor-divider-separator\">\n\t\t\t\t\t\t<\/span>\n\t\t<\/div>\n\t\t\t\t\t\t<\/div>\n\t\t\t\t<\/div>\n\t\t\t\t<div class=\"elementor-element elementor-element-f8079c8 elementor-widget elementor-widget-jet-woo-products\" data-id=\"f8079c8\" data-element_type=\"widget\" data-settings=\"{&quot;columns&quot;:&quot;4&quot;,&quot;columns_tablet&quot;:&quot;3&quot;,&quot;columns_mobile&quot;:&quot;1&quot;,&quot;slides_to_scroll_tablet&quot;:&quot;1&quot;,&quot;slides_to_scroll&quot;:&quot;1&quot;,&quot;space_between_slides&quot;:10}\" data-widget_type=\"jet-woo-products.default\">\n\t\t\t\t<div class=\"elementor-widget-container\">\n\t\t\t\t\t<div class=\"elementor-jet-woo-products jet-woo-builder\"><div class=\"jet-woo-carousel horizontal swiper\" data-slider_options=\"{&quot;direction&quot;:&quot;horizontal&quot;,&quot;slidesPerGroup&quot;:1,&quot;simulateTouch&quot;:false,&quot;loop&quot;:true,&quot;freeMode&quot;:false,&quot;centeredSlides&quot;:false,&quot;speed&quot;:500,&quot;paginationEnable&quot;:false,&quot;navigationEnable&quot;:true}\" dir=\"ltr\"> <div class=\"jet-woo-products jet-woo-products--preset-2 swiper-wrapper  jet-equal-cols\" data-mobile-hover=\"1\" >\n<div class=\"jet-woo-products__item jet-woo-builder-product swiper-slide\" data-product-id=\"1780\">\n\t<div class=\"jet-woo-products__inner-box jet-woo-item-overlay-wrap\" data-url=\"https:\/\/assumptafontseca.cat\/es\/recetas\/postres-es\/arroz-con-leche\/\" >\n\t\t\n<div class=\"jet-woo-products__thumb-wrap\">\n\t\n<div class=\"jet-woo-product-thumbnail\">\n\t\n\t<a href=\"https:\/\/assumptafontseca.cat\/es\/recetas\/postres-es\/arroz-con-leche\/\"><img loading=\"lazy\" decoding=\"async\" width=\"1000\" height=\"1000\" src=\"https:\/\/assumptafontseca.cat\/wp-content\/uploads\/2022\/02\/arros-amb-llet.jpg\" class=\"attachment-full size-full\" alt=\"Arroz con leche de Assumpta Fontseca\" \/><\/a>\n\t<div class=\"jet-woo-product-img-overlay\"><\/div>\n\n\t\n\t<\/div>\n\t<div class=\"hovered-content\">\n\t\t\t<\/div>\n<\/div>\n\n<h1 class=\"jet-woo-product-title\"><a href=\"https:\/\/assumptafontseca.cat\/es\/recetas\/postres-es\/arroz-con-leche\/\">Arroz con leche<\/a><\/h1>\n<div class=\"jet-woo-product-excerpt\">\n\t180 gr.<\/div>\n<div class=\"jet-woo-products-cqw-wrapper\">\n\t<\/div>\t<\/div>\n\n\t\t\t<a href=\"https:\/\/assumptafontseca.cat\/es\/recetas\/postres-es\/arroz-con-leche\/\" class=\"jet-woo-item-overlay-link\"  ><\/a>\n\t<\/div><\/div>\n  <div class=\"prev-arrow jet-swiper-button-prev jet-arrow\"><i aria-hidden=\"true\" class=\"fas fa-chevron-left\"><\/i><\/div> <div class=\"next-arrow jet-swiper-button-next jet-arrow\"><i aria-hidden=\"true\" class=\"fas fa-chevron-right\"><\/i><\/div> <\/div><\/div>\t\t\t\t<\/div>\n\t\t\t\t<\/div>\n\t\t\t\t<div class=\"elementor-element elementor-element-a18800e elementor-widget elementor-widget-spacer\" data-id=\"a18800e\" data-element_type=\"widget\" data-widget_type=\"spacer.default\">\n\t\t\t\t<div class=\"elementor-widget-container\">\n\t\t\t\t\t\t\t<div class=\"elementor-spacer\">\n\t\t\t<div class=\"elementor-spacer-inner\"><\/div>\n\t\t<\/div>\n\t\t\t\t\t\t<\/div>\n\t\t\t\t<\/div>\n\t\t\t\t\t<\/div>\n\t\t<\/div>\n\t\t\t\t\t<\/div>\n\t\t<\/section>\n\t\t\t\t<\/div>\n\t\t","protected":false},"excerpt":{"rendered":"<p>\u201cAssumpta Fontseca\u201d es un homenaje a los fundadores de \u201cLa Fonda Mas\u201d de Barber\u00e1 del Vall\u00e9s y de \u201cCarns Corella\u201d. La gran amistad y el esp\u00edritu emprendedor que un\u00eda a Josep Mas y Vicente Corella, hizo que en 1983 los canelones y las croquetas que Josep y su esposa Assumpta cocinaban para los comensales de [&hellip;]<\/p>\n","protected":false},"author":1,"featured_media":0,"parent":0,"menu_order":0,"comment_status":"closed","ping_status":"closed","template":"elementor_header_footer","meta":{"_monsterinsights_skip_tracking":false,"_monsterinsights_sitenote_active":false,"_monsterinsights_sitenote_note":"","_monsterinsights_sitenote_category":0,"footnotes":""},"class_list":["post-1056","page","type-page","status-publish","hentry"],"yoast_head":"<!-- This site is optimized with the Yoast SEO plugin v27.2 - https:\/\/yoast.com\/product\/yoast-seo-wordpress\/ -->\n<title>Assumpta Fontseca - Recetas y platos cocinados<\/title>\n<meta name=\"description\" content=\"La pasi\u00f3n que compartimos por el \u201ctrabajo bien hecho\u201d, es la mejor garant\u00eda de que cada uno de nuestros platos ser\u00e1 \u00fanico y especial.\" \/>\n<meta name=\"robots\" content=\"index, follow, max-snippet:-1, max-image-preview:large, max-video-preview:-1\" \/>\n<link rel=\"canonical\" href=\"https:\/\/assumptafontseca.cat\/\" \/>\n<meta property=\"og:locale\" content=\"es_ES\" \/>\n<meta property=\"og:type\" content=\"article\" \/>\n<meta property=\"og:title\" content=\"Assumpta Fontseca - Recetas y platos cocinados\" \/>\n<meta property=\"og:description\" content=\"La pasi\u00f3n que compartimos por el \u201ctrabajo bien hecho\u201d, es la mejor garant\u00eda de que cada uno de nuestros platos ser\u00e1 \u00fanico y especial.\" \/>\n<meta property=\"og:url\" content=\"https:\/\/assumptafontseca.cat\/\" \/>\n<meta property=\"og:site_name\" content=\"Assumpta Fontseca\" \/>\n<meta property=\"article:modified_time\" content=\"2025-05-08T08:37:36+00:00\" \/>\n<meta property=\"og:image\" content=\"https:\/\/assumptafontseca.cat\/wp-content\/uploads\/2022\/01\/canelons-carn-2-unitats.jpg\" \/>\n<meta name=\"twitter:card\" content=\"summary_large_image\" \/>\n<meta name=\"twitter:label1\" content=\"Tiempo de lectura\" \/>\n\t<meta name=\"twitter:data1\" content=\"25 minutos\" \/>\n<script type=\"application\/ld+json\" class=\"yoast-schema-graph\">{\"@context\":\"https:\/\/schema.org\",\"@graph\":[{\"@type\":\"WebPage\",\"@id\":\"https:\/\/assumptafontseca.cat\/\",\"url\":\"https:\/\/assumptafontseca.cat\/\",\"name\":\"Assumpta Fontseca - Recetas y platos cocinados\",\"isPartOf\":{\"@id\":\"https:\/\/assumptafontseca.cat\/#website\"},\"primaryImageOfPage\":{\"@id\":\"https:\/\/assumptafontseca.cat\/#primaryimage\"},\"image\":{\"@id\":\"https:\/\/assumptafontseca.cat\/#primaryimage\"},\"thumbnailUrl\":\"https:\/\/assumptafontseca.cat\/wp-content\/uploads\/2022\/01\/canelons-carn-2-unitats.jpg\",\"datePublished\":\"2022-01-31T20:50:29+00:00\",\"dateModified\":\"2025-05-08T08:37:36+00:00\",\"description\":\"La pasi\u00f3n que compartimos por el \u201ctrabajo bien hecho\u201d, es la mejor garant\u00eda de que cada uno de nuestros platos ser\u00e1 \u00fanico y especial.\",\"breadcrumb\":{\"@id\":\"https:\/\/assumptafontseca.cat\/#breadcrumb\"},\"inLanguage\":\"es\",\"potentialAction\":[{\"@type\":\"ReadAction\",\"target\":[\"https:\/\/assumptafontseca.cat\/\"]}]},{\"@type\":\"ImageObject\",\"inLanguage\":\"es\",\"@id\":\"https:\/\/assumptafontseca.cat\/#primaryimage\",\"url\":\"https:\/\/assumptafontseca.cat\/wp-content\/uploads\/2022\/01\/canelons-carn-2-unitats.jpg\",\"contentUrl\":\"https:\/\/assumptafontseca.cat\/wp-content\/uploads\/2022\/01\/canelons-carn-2-unitats.jpg\"},{\"@type\":\"BreadcrumbList\",\"@id\":\"https:\/\/assumptafontseca.cat\/#breadcrumb\",\"itemListElement\":[{\"@type\":\"ListItem\",\"position\":1,\"name\":\"Portada\",\"item\":\"https:\/\/assumptafontseca.cat\/\"},{\"@type\":\"ListItem\",\"position\":2,\"name\":\"Assumpta Fontseca\"}]},{\"@type\":\"WebSite\",\"@id\":\"https:\/\/assumptafontseca.cat\/#website\",\"url\":\"https:\/\/assumptafontseca.cat\/\",\"name\":\"Assumpta Fontseca\",\"description\":\"La passi\u00f3 que compartim per la \u201cfeina ben feta\u201d, \u00e9s la millor garantia que cadascun dels nostres plats ser\u00e0 \u00fanic i especial.\",\"potentialAction\":[{\"@type\":\"SearchAction\",\"target\":{\"@type\":\"EntryPoint\",\"urlTemplate\":\"https:\/\/assumptafontseca.cat\/?s={search_term_string}\"},\"query-input\":{\"@type\":\"PropertyValueSpecification\",\"valueRequired\":true,\"valueName\":\"search_term_string\"}}],\"inLanguage\":\"es\"}]}<\/script>\n<!-- \/ Yoast SEO plugin. -->","yoast_head_json":{"title":"Assumpta Fontseca - Recetas y platos cocinados","description":"La pasi\u00f3n que compartimos por el \u201ctrabajo bien hecho\u201d, es la mejor garant\u00eda de que cada uno de nuestros platos ser\u00e1 \u00fanico y especial.","robots":{"index":"index","follow":"follow","max-snippet":"max-snippet:-1","max-image-preview":"max-image-preview:large","max-video-preview":"max-video-preview:-1"},"canonical":"https:\/\/assumptafontseca.cat\/","og_locale":"es_ES","og_type":"article","og_title":"Assumpta Fontseca - Recetas y platos cocinados","og_description":"La pasi\u00f3n que compartimos por el \u201ctrabajo bien hecho\u201d, es la mejor garant\u00eda de que cada uno de nuestros platos ser\u00e1 \u00fanico y especial.","og_url":"https:\/\/assumptafontseca.cat\/","og_site_name":"Assumpta Fontseca","article_modified_time":"2025-05-08T08:37:36+00:00","og_image":[{"url":"https:\/\/assumptafontseca.cat\/wp-content\/uploads\/2022\/01\/canelons-carn-2-unitats.jpg","type":"","width":"","height":""}],"twitter_card":"summary_large_image","twitter_misc":{"Tiempo de lectura":"25 minutos"},"schema":{"@context":"https:\/\/schema.org","@graph":[{"@type":"WebPage","@id":"https:\/\/assumptafontseca.cat\/","url":"https:\/\/assumptafontseca.cat\/","name":"Assumpta Fontseca - Recetas y platos cocinados","isPartOf":{"@id":"https:\/\/assumptafontseca.cat\/#website"},"primaryImageOfPage":{"@id":"https:\/\/assumptafontseca.cat\/#primaryimage"},"image":{"@id":"https:\/\/assumptafontseca.cat\/#primaryimage"},"thumbnailUrl":"https:\/\/assumptafontseca.cat\/wp-content\/uploads\/2022\/01\/canelons-carn-2-unitats.jpg","datePublished":"2022-01-31T20:50:29+00:00","dateModified":"2025-05-08T08:37:36+00:00","description":"La pasi\u00f3n que compartimos por el \u201ctrabajo bien hecho\u201d, es la mejor garant\u00eda de que cada uno de nuestros platos ser\u00e1 \u00fanico y especial.","breadcrumb":{"@id":"https:\/\/assumptafontseca.cat\/#breadcrumb"},"inLanguage":"es","potentialAction":[{"@type":"ReadAction","target":["https:\/\/assumptafontseca.cat\/"]}]},{"@type":"ImageObject","inLanguage":"es","@id":"https:\/\/assumptafontseca.cat\/#primaryimage","url":"https:\/\/assumptafontseca.cat\/wp-content\/uploads\/2022\/01\/canelons-carn-2-unitats.jpg","contentUrl":"https:\/\/assumptafontseca.cat\/wp-content\/uploads\/2022\/01\/canelons-carn-2-unitats.jpg"},{"@type":"BreadcrumbList","@id":"https:\/\/assumptafontseca.cat\/#breadcrumb","itemListElement":[{"@type":"ListItem","position":1,"name":"Portada","item":"https:\/\/assumptafontseca.cat\/"},{"@type":"ListItem","position":2,"name":"Assumpta Fontseca"}]},{"@type":"WebSite","@id":"https:\/\/assumptafontseca.cat\/#website","url":"https:\/\/assumptafontseca.cat\/","name":"Assumpta Fontseca","description":"La passi\u00f3 que compartim per la \u201cfeina ben feta\u201d, \u00e9s la millor garantia que cadascun dels nostres plats ser\u00e0 \u00fanic i especial.","potentialAction":[{"@type":"SearchAction","target":{"@type":"EntryPoint","urlTemplate":"https:\/\/assumptafontseca.cat\/?s={search_term_string}"},"query-input":{"@type":"PropertyValueSpecification","valueRequired":true,"valueName":"search_term_string"}}],"inLanguage":"es"}]}},"_links":{"self":[{"href":"https:\/\/assumptafontseca.cat\/es\/wp-json\/wp\/v2\/pages\/1056","targetHints":{"allow":["GET"]}}],"collection":[{"href":"https:\/\/assumptafontseca.cat\/es\/wp-json\/wp\/v2\/pages"}],"about":[{"href":"https:\/\/assumptafontseca.cat\/es\/wp-json\/wp\/v2\/types\/page"}],"author":[{"embeddable":true,"href":"https:\/\/assumptafontseca.cat\/es\/wp-json\/wp\/v2\/users\/1"}],"replies":[{"embeddable":true,"href":"https:\/\/assumptafontseca.cat\/es\/wp-json\/wp\/v2\/comments?post=1056"}],"version-history":[{"count":61,"href":"https:\/\/assumptafontseca.cat\/es\/wp-json\/wp\/v2\/pages\/1056\/revisions"}],"predecessor-version":[{"id":2209,"href":"https:\/\/assumptafontseca.cat\/es\/wp-json\/wp\/v2\/pages\/1056\/revisions\/2209"}],"wp:attachment":[{"href":"https:\/\/assumptafontseca.cat\/es\/wp-json\/wp\/v2\/media?parent=1056"}],"curies":[{"name":"wp","href":"https:\/\/api.w.org\/{rel}","templated":true}]}}